{"id":2558,"date":"2022-07-18T09:59:34","date_gmt":"2022-07-18T07:59:34","guid":{"rendered":"http:\/\/pfan-niger.org\/?page_id=2558"},"modified":"2024-06-26T15:21:43","modified_gmt":"2024-06-26T14:21:43","slug":"accueil","status":"publish","type":"page","link":"https:\/\/pfan-niger.org\/","title":{"rendered":"Accueil"},"content":{"rendered":"\t\t<div data-elementor-type=\"wp-page\" data-elementor-id=\"2558\" class=\"elementor elementor-2558\">\n\t\t\t\t\t\t<section class=\"elementor-section elementor-top-section elementor-element elementor-element-5cc6c12 elementor-section-full_width elementor-section-stretched elementor-section-height-default elementor-section-height-default wpr-particle-no wpr-jarallax-no wpr-parallax-no wpr-sticky-section-no wpr-equal-height-no\" data-id=\"5cc6c12\" data-element_type=\"section\" data-e-type=\"section\" data-settings=\"{&quot;stretch_section&quot;:&quot;section-stretched&quot;}\">\n\t\t\t\t\t\t<div class=\"elementor-container elementor-column-gap-default\">\n\t\t\t\t\t<div class=\"elementor-column elementor-col-100 elementor-top-column elementor-element elementor-element-d5eed49\" data-id=\"d5eed49\" data-element_type=\"column\" data-e-type=\"column\">\n\t\t\t<div class=\"elementor-widget-wrap elementor-element-populated\">\n\t\t\t\t\t\t<div class=\"elementor-element elementor-element-f713b0e anwp-pg-widget-header-style--b anwp-pg-post-teaser__post-icon--size-16 elementor-widget elementor-widget-anwp-pg-simple-slider\" data-id=\"f713b0e\" data-element_type=\"widget\" data-e-type=\"widget\" data-widget_type=\"anwp-pg-simple-slider.default\">\n\t\t\t\t<div class=\"elementor-widget-container\">\n\t\t\t\t\t<div class=\"anwp-pg-wrap\">\n\n\t\n\t<!-- Slider main container -->\n\t<div\n\t\tclass=\"anwp-pg-simple-slider anwp-pg-swiper-wrapper position-relative swiper swiper-container anwp-pg-no-transform\"\n\t\tdata-pg-slides-per-view=\"1\"\n\t\tdata-pg-slides-per-view-mobile=\"1\"\n\t\tdata-pg-slides-per-view-tablet=\"2\"\n\t\tdata-pg-slides-per-group=\"1\"\n\t\tdata-pg-slides-per-group-mobile=\"1\"\n\t\tdata-pg-slides-per-group-tablet=\"1\"\n\t\tdata-pg-autoplay=\"yes\"\n\t\tdata-pg-autoplay-delay=\"5000\"\n\t\tdata-pg-space-between=\"23\"\n\t\tdata-pg-effect=\"fade\"\n\t\tdata-pg-enable-observer=\"\"\n\t\tdata-pg-loop=\"yes\"\n\t\tdir=\"ltr\"\n\t>\n\t\t<!-- Additional required wrapper -->\n\t\t<div class=\"swiper-wrapper\">\n\t\t\t<!-- Slides -->\n\t\t\t<div class=\"anwp-pg-post-teaser anwp-pg-post-teaser--layout-c swiper-slide anwp-pg-post-teaser--has-comments-meta\">\n\t<div class=\"anwp-pg-post-teaser__thumbnail position-relative\">\n\n\t\t\n\t\t\t\t\t<img loading=\"lazy\" class=\"anwp-pg-post-teaser__thumbnail-img d-block anwp-pg-height-700 anwp-object-cover m-0 w-100\"\n\t\t\t\talt=\"R\u00e9ception provisoire d\u2019un seuil radier construit par le PFAN \u00e0 Ouallam\"\n\t\t\t\tsrc=\"https:\/\/pfan-niger.org\/wp-content\/uploads\/2026\/04\/20260410_1152170-1170x694.jpg\"\/>\n\t\t\n\t\t<div class=\"anwp-pg-post-teaser__muted_bg\"><\/div>\n\t\t<div class=\"anwp-pg-post-teaser__thumbnail-bg anwp-position-cover\"><\/div>\n\n\t\t<div class=\"anwp-pg-post-teaser__content d-flex flex-column anwp-position-cover\">\n\t\t\t<div class=\"anwp-pg-post-teaser__top-meta d-flex mb-2\">\n\t\t\t\t\t\t\t\t\t\t<span class=\"anwp-pg-post-teaser__meta-comments d-flex align-items-center mr-2\">\n\t\t\t\t\t\t\t<svg class=\"anwp-pg-icon anwp-pg-icon--s1em anwp-pg-icon--white mr-1\">\n\t\t\t\t\t\t\t\t<use xlink:href=\"#icon-anwp-pg-comment-discussion\"><\/use>\n\t\t\t\t\t\t\t<\/svg>\n\t\t\t\t\t\t\t0\t\t\t\t\t\t<\/span>\n\t\t\t\t\t\t\n\t\t\t<\/div>\n\n\t\t\t\n\t\t\t<div class=\"anwp-pg-post-teaser__bottom-block d-flex align-items-center position-relative py-4 px-1 mb-3 mt-auto\">\n\t\t\t\t\t\t\t\t\t<div class=\"anwp-pg-post-teaser__bottom-meta position-absolute\">\n\t\t\t\t\t\t<span class=\"posted-on m-0\"><span class=\"screen-reader-text\">Posted on<\/span><time class=\"anwp-pg-published\" datetime=\"2026-04-11T11:44:36+01:00\">11 avril 2026<\/time><time class=\"anwp-pg-updated\" datetime=\"2026-04-11T15:46:43+01:00\">11 avril 2026<\/time><\/span>\n\t\t\t\t\t<\/div>\n\t\t\t\t\n\t\t\t\t<div class=\"anwp-pg-post-teaser__title anwp-font-heading\">\n\t\t\t\t\tR\u00e9ception provisoire d\u2019un seuil radier construit par le PFAN \u00e0 Ouallam\t\t\t\t<\/div>\n\t\t\t<\/div>\n\t\t<\/div>\n\n\t\t<a class=\"anwp-position-cover anwp-link-without-effects\" href=\"https:\/\/pfan-niger.org\/index.php\/2026\/04\/11\/reception-provisoire-dun-seuil-radier-construit-par-le-pfan-a-ouallam\/\" aria-hidden=\"true\" ><\/a>\n\t<\/div>\n<\/div>\n<div class=\"anwp-pg-post-teaser anwp-pg-post-teaser--layout-c swiper-slide anwp-pg-post-teaser--has-comments-meta\">\n\t<div class=\"anwp-pg-post-teaser__thumbnail position-relative\">\n\n\t\t\n\t\t\t\t\t<img loading=\"lazy\" class=\"anwp-pg-post-teaser__thumbnail-img d-block anwp-pg-height-700 anwp-object-cover m-0 w-100\"\n\t\t\t\talt=\"Le SE\/CNEDD re\u00e7oit les VNU du PFAN de retour d&rsquo;une formation \u00e0 Ouagadougou\"\n\t\t\t\tsrc=\"https:\/\/pfan-niger.org\/wp-content\/uploads\/2025\/07\/VNU-SE-1170x694.jpg\"\/>\n\t\t\n\t\t<div class=\"anwp-pg-post-teaser__muted_bg\"><\/div>\n\t\t<div class=\"anwp-pg-post-teaser__thumbnail-bg anwp-position-cover\"><\/div>\n\n\t\t<div class=\"anwp-pg-post-teaser__content d-flex flex-column anwp-position-cover\">\n\t\t\t<div class=\"anwp-pg-post-teaser__top-meta d-flex mb-2\">\n\t\t\t\t\t\t\t\t\t\t<span class=\"anwp-pg-post-teaser__meta-comments d-flex align-items-center mr-2\">\n\t\t\t\t\t\t\t<svg class=\"anwp-pg-icon anwp-pg-icon--s1em anwp-pg-icon--white mr-1\">\n\t\t\t\t\t\t\t\t<use xlink:href=\"#icon-anwp-pg-comment-discussion\"><\/use>\n\t\t\t\t\t\t\t<\/svg>\n\t\t\t\t\t\t\t0\t\t\t\t\t\t<\/span>\n\t\t\t\t\t\t\n\t\t\t<\/div>\n\n\t\t\t\n\t\t\t<div class=\"anwp-pg-post-teaser__bottom-block d-flex align-items-center position-relative py-4 px-1 mb-3 mt-auto\">\n\t\t\t\t\t\t\t\t\t<div class=\"anwp-pg-post-teaser__bottom-meta position-absolute\">\n\t\t\t\t\t\t<span class=\"posted-on m-0\"><span class=\"screen-reader-text\">Posted on<\/span><time class=\"anwp-pg-published\" datetime=\"2025-07-08T12:35:30+01:00\">8 juillet 2025<\/time><time class=\"anwp-pg-updated\" datetime=\"2025-07-08T12:35:30+01:00\">8 juillet 2025<\/time><\/span>\n\t\t\t\t\t<\/div>\n\t\t\t\t\n\t\t\t\t<div class=\"anwp-pg-post-teaser__title anwp-font-heading\">\n\t\t\t\t\tLe SE\/CNEDD re\u00e7oit les VNU du PFAN de retour d&rsquo;une formation \u00e0 Ouagadougou\t\t\t\t<\/div>\n\t\t\t<\/div>\n\t\t<\/div>\n\n\t\t<a class=\"anwp-position-cover anwp-link-without-effects\" href=\"https:\/\/pfan-niger.org\/index.php\/2025\/07\/08\/le-se-cnedd-recoit-les-vnu-du-pfan-de-retour-dune-formation-a-ouagadougou\/\" aria-hidden=\"true\" ><\/a>\n\t<\/div>\n<\/div>\n<div class=\"anwp-pg-post-teaser anwp-pg-post-teaser--layout-c swiper-slide anwp-pg-post-teaser--has-comments-meta\">\n\t<div class=\"anwp-pg-post-teaser__thumbnail position-relative\">\n\n\t\t\n\t\t\t\t\t<img loading=\"lazy\" class=\"anwp-pg-post-teaser__thumbnail-img d-block anwp-pg-height-700 anwp-object-cover m-0 w-100\"\n\t\t\t\talt=\"Tahoua : Le PFAN et le PNE organisent un atelier d\u2019information et de sensibilisation sur la gestion des risques de catastrophes li\u00e9s aux inondations et \u00e0 la s\u00e9cheresse\"\n\t\t\t\tsrc=\"https:\/\/pfan-niger.org\/wp-content\/uploads\/2025\/03\/Photo-Tahoua-1020x694.jpg\"\/>\n\t\t\n\t\t<div class=\"anwp-pg-post-teaser__muted_bg\"><\/div>\n\t\t<div class=\"anwp-pg-post-teaser__thumbnail-bg anwp-position-cover\"><\/div>\n\n\t\t<div class=\"anwp-pg-post-teaser__content d-flex flex-column anwp-position-cover\">\n\t\t\t<div class=\"anwp-pg-post-teaser__top-meta d-flex mb-2\">\n\t\t\t\t\t\t\t\t\t\t<span class=\"anwp-pg-post-teaser__meta-comments d-flex align-items-center mr-2\">\n\t\t\t\t\t\t\t<svg class=\"anwp-pg-icon anwp-pg-icon--s1em anwp-pg-icon--white mr-1\">\n\t\t\t\t\t\t\t\t<use xlink:href=\"#icon-anwp-pg-comment-discussion\"><\/use>\n\t\t\t\t\t\t\t<\/svg>\n\t\t\t\t\t\t\t0\t\t\t\t\t\t<\/span>\n\t\t\t\t\t\t\n\t\t\t<\/div>\n\n\t\t\t\n\t\t\t<div class=\"anwp-pg-post-teaser__bottom-block d-flex align-items-center position-relative py-4 px-1 mb-3 mt-auto\">\n\t\t\t\t\t\t\t\t\t<div class=\"anwp-pg-post-teaser__bottom-meta position-absolute\">\n\t\t\t\t\t\t<span class=\"posted-on m-0\"><span class=\"screen-reader-text\">Posted on<\/span><time class=\"anwp-pg-published\" datetime=\"2025-03-11T16:10:59+01:00\">11 mars 2025<\/time><time class=\"anwp-pg-updated\" datetime=\"2025-03-12T14:19:37+01:00\">12 mars 2025<\/time><\/span>\n\t\t\t\t\t<\/div>\n\t\t\t\t\n\t\t\t\t<div class=\"anwp-pg-post-teaser__title anwp-font-heading\">\n\t\t\t\t\tTahoua : Le PFAN et le PNE organisent un atelier d\u2019information et de sensibilisation sur la gestion des risques de catastrophes li\u00e9s aux inondations et \u00e0 la s\u00e9cheresse\t\t\t\t<\/div>\n\t\t\t<\/div>\n\t\t<\/div>\n\n\t\t<a class=\"anwp-position-cover anwp-link-without-effects\" href=\"https:\/\/pfan-niger.org\/index.php\/2025\/03\/11\/tahoua-le-pfan-et-le-pne-organisent-un-atelier-dinformation-et-de-sensibilisation-sur-la-gestion-des-risques-de-catastrophes-lies-aux-inondations-et-a-la-secheresse\/\" aria-hidden=\"true\" ><\/a>\n\t<\/div>\n<\/div>\n<div class=\"anwp-pg-post-teaser anwp-pg-post-teaser--layout-c swiper-slide anwp-pg-post-teaser--has-comments-meta\">\n\t<div class=\"anwp-pg-post-teaser__thumbnail position-relative\">\n\n\t\t\n\t\t\t\t\t<img loading=\"lazy\" class=\"anwp-pg-post-teaser__thumbnail-img d-block anwp-pg-height-700 anwp-object-cover m-0 w-100\"\n\t\t\t\talt=\"Le PFAN appuie l\u2019actualisation du PLEA de la Commune Rurale de Tabalak\"\n\t\t\t\tsrc=\"https:\/\/pfan-niger.org\/wp-content\/uploads\/2024\/11\/INTALIWENE-2.jpg\"\/>\n\t\t\n\t\t<div class=\"anwp-pg-post-teaser__muted_bg\"><\/div>\n\t\t<div class=\"anwp-pg-post-teaser__thumbnail-bg anwp-position-cover\"><\/div>\n\n\t\t<div class=\"anwp-pg-post-teaser__content d-flex flex-column anwp-position-cover\">\n\t\t\t<div class=\"anwp-pg-post-teaser__top-meta d-flex mb-2\">\n\t\t\t\t\t\t\t\t\t\t<span class=\"anwp-pg-post-teaser__meta-comments d-flex align-items-center mr-2\">\n\t\t\t\t\t\t\t<svg class=\"anwp-pg-icon anwp-pg-icon--s1em anwp-pg-icon--white mr-1\">\n\t\t\t\t\t\t\t\t<use xlink:href=\"#icon-anwp-pg-comment-discussion\"><\/use>\n\t\t\t\t\t\t\t<\/svg>\n\t\t\t\t\t\t\t0\t\t\t\t\t\t<\/span>\n\t\t\t\t\t\t\n\t\t\t<\/div>\n\n\t\t\t\n\t\t\t<div class=\"anwp-pg-post-teaser__bottom-block d-flex align-items-center position-relative py-4 px-1 mb-3 mt-auto\">\n\t\t\t\t\t\t\t\t\t<div class=\"anwp-pg-post-teaser__bottom-meta position-absolute\">\n\t\t\t\t\t\t<span class=\"posted-on m-0\"><span class=\"screen-reader-text\">Posted on<\/span><time class=\"anwp-pg-published\" datetime=\"2024-11-22T10:22:18+01:00\">22 novembre 2024<\/time><time class=\"anwp-pg-updated\" datetime=\"2024-11-26T14:04:42+01:00\">26 novembre 2024<\/time><\/span>\n\t\t\t\t\t<\/div>\n\t\t\t\t\n\t\t\t\t<div class=\"anwp-pg-post-teaser__title anwp-font-heading\">\n\t\t\t\t\tLe PFAN appuie l\u2019actualisation du PLEA de la Commune Rurale de Tabalak\t\t\t\t<\/div>\n\t\t\t<\/div>\n\t\t<\/div>\n\n\t\t<a class=\"anwp-position-cover anwp-link-without-effects\" href=\"https:\/\/pfan-niger.org\/index.php\/2024\/11\/22\/le-pfan-appuie-lactualisation-du-plea-de-la-commune-rurale-de-tabalak-le-jeudi-21-novembre-2024-sest-tenu-au-village-de-kehehe-un-atelier-dactualisation-du-plan-local-eau\/\" aria-hidden=\"true\" ><\/a>\n\t<\/div>\n<\/div>\n<div class=\"anwp-pg-post-teaser anwp-pg-post-teaser--layout-c swiper-slide anwp-pg-post-teaser--has-comments-meta\">\n\t<div class=\"anwp-pg-post-teaser__thumbnail position-relative\">\n\n\t\t\n\t\t\t\t\t<img loading=\"lazy\" class=\"anwp-pg-post-teaser__thumbnail-img d-block anwp-pg-height-700 anwp-object-cover m-0 w-100\"\n\t\t\t\talt=\"Le Gouverneur de la r\u00e9gion de Tahoua pr\u00e9side la c\u00e9r\u00e9monie de r\u00e9ception provisoire de la mini-AEP d\u2019Intaliw\u00e8ne\"\n\t\t\t\tsrc=\"https:\/\/pfan-niger.org\/wp-content\/uploads\/2024\/11\/INTALIWENE-1.jpg\"\/>\n\t\t\n\t\t<div class=\"anwp-pg-post-teaser__muted_bg\"><\/div>\n\t\t<div class=\"anwp-pg-post-teaser__thumbnail-bg anwp-position-cover\"><\/div>\n\n\t\t<div class=\"anwp-pg-post-teaser__content d-flex flex-column anwp-position-cover\">\n\t\t\t<div class=\"anwp-pg-post-teaser__top-meta d-flex mb-2\">\n\t\t\t\t\t\t\t\t\t\t<span class=\"anwp-pg-post-teaser__meta-comments d-flex align-items-center mr-2\">\n\t\t\t\t\t\t\t<svg class=\"anwp-pg-icon anwp-pg-icon--s1em anwp-pg-icon--white mr-1\">\n\t\t\t\t\t\t\t\t<use xlink:href=\"#icon-anwp-pg-comment-discussion\"><\/use>\n\t\t\t\t\t\t\t<\/svg>\n\t\t\t\t\t\t\t0\t\t\t\t\t\t<\/span>\n\t\t\t\t\t\t\n\t\t\t<\/div>\n\n\t\t\t\n\t\t\t<div class=\"anwp-pg-post-teaser__bottom-block d-flex align-items-center position-relative py-4 px-1 mb-3 mt-auto\">\n\t\t\t\t\t\t\t\t\t<div class=\"anwp-pg-post-teaser__bottom-meta position-absolute\">\n\t\t\t\t\t\t<span class=\"posted-on m-0\"><span class=\"screen-reader-text\">Posted on<\/span><time class=\"anwp-pg-published\" datetime=\"2024-11-22T09:47:17+01:00\">22 novembre 2024<\/time><time class=\"anwp-pg-updated\" datetime=\"2024-11-22T09:59:38+01:00\">22 novembre 2024<\/time><\/span>\n\t\t\t\t\t<\/div>\n\t\t\t\t\n\t\t\t\t<div class=\"anwp-pg-post-teaser__title anwp-font-heading\">\n\t\t\t\t\tLe Gouverneur de la r\u00e9gion de Tahoua pr\u00e9side la c\u00e9r\u00e9monie de r\u00e9ception provisoire de la mini-AEP d\u2019Intaliw\u00e8ne\t\t\t\t<\/div>\n\t\t\t<\/div>\n\t\t<\/div>\n\n\t\t<a class=\"anwp-position-cover anwp-link-without-effects\" href=\"https:\/\/pfan-niger.org\/index.php\/2024\/11\/22\/le-gouverneur-de-la-region-de-tahoua-preside-la-ceremonie-de-reception-provisoire-de-la-mini-aep-dintaliwene\/\" aria-hidden=\"true\" ><\/a>\n\t<\/div>\n<\/div>\n<div class=\"anwp-pg-post-teaser anwp-pg-post-teaser--layout-c swiper-slide anwp-pg-post-teaser--has-comments-meta\">\n\t<div class=\"anwp-pg-post-teaser__thumbnail position-relative\">\n\n\t\t\n\t\t\t\t\t<img loading=\"lazy\" class=\"anwp-pg-post-teaser__thumbnail-img d-block anwp-pg-height-700 anwp-object-cover m-0 w-100\"\n\t\t\t\talt=\"Le Gouverneur de la r\u00e9gion de Tahoua visite la Station de pompage pastorale du village de Tamnokalt\"\n\t\t\t\tsrc=\"https:\/\/pfan-niger.org\/wp-content\/uploads\/2024\/10\/TAMNOKALT.jpg\"\/>\n\t\t\n\t\t<div class=\"anwp-pg-post-teaser__muted_bg\"><\/div>\n\t\t<div class=\"anwp-pg-post-teaser__thumbnail-bg anwp-position-cover\"><\/div>\n\n\t\t<div class=\"anwp-pg-post-teaser__content d-flex flex-column anwp-position-cover\">\n\t\t\t<div class=\"anwp-pg-post-teaser__top-meta d-flex mb-2\">\n\t\t\t\t\t\t\t\t\t\t<span class=\"anwp-pg-post-teaser__meta-comments d-flex align-items-center mr-2\">\n\t\t\t\t\t\t\t<svg class=\"anwp-pg-icon anwp-pg-icon--s1em anwp-pg-icon--white mr-1\">\n\t\t\t\t\t\t\t\t<use xlink:href=\"#icon-anwp-pg-comment-discussion\"><\/use>\n\t\t\t\t\t\t\t<\/svg>\n\t\t\t\t\t\t\t0\t\t\t\t\t\t<\/span>\n\t\t\t\t\t\t\n\t\t\t<\/div>\n\n\t\t\t\n\t\t\t<div class=\"anwp-pg-post-teaser__bottom-block d-flex align-items-center position-relative py-4 px-1 mb-3 mt-auto\">\n\t\t\t\t\t\t\t\t\t<div class=\"anwp-pg-post-teaser__bottom-meta position-absolute\">\n\t\t\t\t\t\t<span class=\"posted-on m-0\"><span class=\"screen-reader-text\">Posted on<\/span><time class=\"anwp-pg-published\" datetime=\"2024-10-03T10:53:32+01:00\">3 octobre 2024<\/time><time class=\"anwp-pg-updated\" datetime=\"2024-10-03T10:58:20+01:00\">3 octobre 2024<\/time><\/span>\n\t\t\t\t\t<\/div>\n\t\t\t\t\n\t\t\t\t<div class=\"anwp-pg-post-teaser__title anwp-font-heading\">\n\t\t\t\t\tLe Gouverneur de la r\u00e9gion de Tahoua visite la Station de pompage pastorale du village de Tamnokalt\t\t\t\t<\/div>\n\t\t\t<\/div>\n\t\t<\/div>\n\n\t\t<a class=\"anwp-position-cover anwp-link-without-effects\" href=\"https:\/\/pfan-niger.org\/index.php\/2024\/10\/03\/4484\/\" aria-hidden=\"true\" ><\/a>\n\t<\/div>\n<\/div>\n\t\t<\/div>\n\n\t\t\t\t\t\t\t\t\t\t\t<\/div>\n<\/div>\n\t\t\t\t<\/div>\n\t\t\t\t<\/div>\n\t\t\t\t\t<\/div>\n\t\t<\/div>\n\t\t\t\t\t<\/div>\n\t\t<\/section>\n\t\t\t\t<section class=\"elementor-section elementor-top-section elementor-element elementor-element-5b4324d8 elementor-section-full_width elementor-section-stretched elementor-section-height-default elementor-section-height-default wpr-particle-no wpr-jarallax-no wpr-parallax-no wpr-sticky-section-no wpr-equal-height-no\" data-id=\"5b4324d8\" data-element_type=\"section\" data-e-type=\"section\" data-settings=\"{&quot;background_background&quot;:&quot;classic&quot;,&quot;stretch_section&quot;:&quot;section-stretched&quot;}\">\n\t\t\t\t\t\t<div class=\"elementor-container elementor-column-gap-default\">\n\t\t\t\t\t<div class=\"elementor-column elementor-col-100 elementor-top-column elementor-element elementor-element-1777e7ea\" data-id=\"1777e7ea\" data-element_type=\"column\" data-e-type=\"column\">\n\t\t\t<div class=\"elementor-widget-wrap elementor-element-populated\">\n\t\t\t\t\t\t<section class=\"elementor-section elementor-inner-section elementor-element elementor-element-1540b2d7 elementor-section-boxed elementor-section-height-default elementor-section-height-default wpr-particle-no wpr-jarallax-no wpr-parallax-no wpr-sticky-section-no wpr-equal-height-no\" data-id=\"1540b2d7\" data-element_type=\"section\" data-e-type=\"section\" data-settings=\"{&quot;background_background&quot;:&quot;classic&quot;}\">\n\t\t\t\t\t\t\t<div class=\"elementor-background-overlay\"><\/div>\n\t\t\t\t\t\t\t<div class=\"elementor-container elementor-column-gap-default\">\n\t\t\t\t\t<div class=\"elementor-column elementor-col-33 elementor-inner-column elementor-element elementor-element-d94cc8e\" data-id=\"d94cc8e\" data-element_type=\"column\" data-e-type=\"column\" data-settings=\"{&quot;background_background&quot;:&quot;classic&quot;}\">\n\t\t\t<div class=\"elementor-widget-wrap elementor-element-populated\">\n\t\t\t\t\t\t<div class=\"elementor-element elementor-element-22d42fc8 ekit-equal-height-enable elementor-widget elementor-widget-elementskit-icon-box\" data-id=\"22d42fc8\" data-element_type=\"widget\" data-e-type=\"widget\" data-widget_type=\"elementskit-icon-box.default\">\n\t\t\t\t<div class=\"elementor-widget-container\">\n\t\t\t\t\t<div class=\"ekit-wid-con\" >        <!-- link opening -->\n                <!-- end link opening -->\n\n        <div class=\"elementskit-infobox text-center text- icon-top-align elementor-animation-   \">\n                            <div class=\"elementskit-box-header\">\n                <div class=\"elementskit-info-box-icon \">\n                    <img fetchpriority=\"high\" decoding=\"async\" width=\"451\" height=\"146\" src=\"https:\/\/pfan-niger.org\/wp-content\/uploads\/2022\/07\/logopfan.png\" class=\"attachment- size-\" alt=\"\" \/>                <\/div>\n          <\/div>\n                <div class=\"box-body\">\n                            <h3 class=\"elementskit-info-box-title\">\n                    Le projet PFAN                <\/h3>\n                        \t\t  \t<p>Le projet envisag\u00e9 au titre du FPMA a pour objectif d\u2019aider les populations vuln\u00e9rables ainsi que les autorit\u00e9s nationales et locales \u00e0 renforcer leur r\u00e9silience aux risques et \u00e0 la vuln\u00e9rabilit\u00e9 climatiques, en mettant un accent particulier sur la planification et la mise en \u0153uvre de mesures d\u2019adaptation au changement climatique dans le secteur de l\u2019eau.<\/p>\n                                        <div class=\"box-footer disable_hover_button\">\n                    <div class=\"btn-wraper\">\n                                                            <a class=\"elementskit-btn whitespace--normal\" href=\"https:\/\/pfan-niger.org\/index.php\/presentation\/\">\n                                                                                En Savoir plus                                    <\/a>\n                                                        <\/div>\n                <\/div>\n                    <\/div>\n        \n        \n                <\/div>\n        <\/div>\t\t\t\t<\/div>\n\t\t\t\t<\/div>\n\t\t\t\t\t<\/div>\n\t\t<\/div>\n\t\t\t\t<div class=\"elementor-column elementor-col-33 elementor-inner-column elementor-element elementor-element-46862715\" data-id=\"46862715\" data-element_type=\"column\" data-e-type=\"column\" data-settings=\"{&quot;background_background&quot;:&quot;classic&quot;}\">\n\t\t\t<div class=\"elementor-widget-wrap elementor-element-populated\">\n\t\t\t\t\t\t<div class=\"elementor-element elementor-element-4cfc3f57 ekit-equal-height-disable elementor-widget elementor-widget-elementskit-icon-box\" data-id=\"4cfc3f57\" data-element_type=\"widget\" data-e-type=\"widget\" data-widget_type=\"elementskit-icon-box.default\">\n\t\t\t\t<div class=\"elementor-widget-container\">\n\t\t\t\t\t<div class=\"ekit-wid-con\" >        <!-- link opening -->\n                <!-- end link opening -->\n\n        <div class=\"elementskit-infobox text-center text- icon-top-align elementor-animation-  gradient-active  hover_from_left\">\n                    <div class=\"elementskit-box-header elementor-animation-\">\n                <div class=\"elementskit-info-box-icon  \">\n                    <i aria-hidden=\"true\" class=\"elementkit-infobox-icon fas fa-city\"><\/i>\n                <\/div>\n          <\/div>\n                        <div class=\"box-body\">\n                            <h3 class=\"elementskit-info-box-title\">\n                    COMMUNES D&#039;INTERVENTION                <\/h3>\n                        \t\t  \t<p>Les 8 R\u00e9gions du Niger<\/p>\n                                        <div class=\"box-footer disable_hover_button\">\n                    <div class=\"btn-wraper\">\n                                                            <a class=\"elementskit-btn whitespace--normal\" href=\"#\">\n                                                                                Lire plus                                    <\/a>\n                                                        <\/div>\n                <\/div>\n                    <\/div>\n        \n        \n                <\/div>\n        <\/div>\t\t\t\t<\/div>\n\t\t\t\t<\/div>\n\t\t\t\t<div class=\"elementor-element elementor-element-1790470 ekit-equal-height-disable elementor-widget elementor-widget-elementskit-icon-box\" data-id=\"1790470\" data-element_type=\"widget\" data-e-type=\"widget\" data-widget_type=\"elementskit-icon-box.default\">\n\t\t\t\t<div class=\"elementor-widget-container\">\n\t\t\t\t\t<div class=\"ekit-wid-con\" >        <!-- link opening -->\n                <!-- end link opening -->\n\n        <div class=\"elementskit-infobox text-center text- icon-top-align elementor-animation-  gradient-active  hover_from_left\">\n                    <div class=\"elementskit-box-header elementor-animation-\">\n                <div class=\"elementskit-info-box-icon  \">\n                    <i aria-hidden=\"true\" class=\"elementkit-infobox-icon far fa-gem\"><\/i>\n                <\/div>\n          <\/div>\n                        <div class=\"box-body\">\n                            <h3 class=\"elementskit-info-box-title\">\n                    EFFETS                <\/h3>\n                        \t\t  \t<p>3 Effets imm\u00e9diats<\/p>\n                                        <div class=\"box-footer disable_hover_button\">\n                    <div class=\"btn-wraper\">\n                                                            <a class=\"elementskit-btn whitespace--normal\" href=\"#\">\n                                                                                Lire plus                                    <\/a>\n                                                        <\/div>\n                <\/div>\n                    <\/div>\n        \n        \n                <\/div>\n        <\/div>\t\t\t\t<\/div>\n\t\t\t\t<\/div>\n\t\t\t\t\t<\/div>\n\t\t<\/div>\n\t\t\t\t<div class=\"elementor-column elementor-col-33 elementor-inner-column elementor-element elementor-element-4d00f0f5\" data-id=\"4d00f0f5\" data-element_type=\"column\" data-e-type=\"column\" data-settings=\"{&quot;background_background&quot;:&quot;classic&quot;}\">\n\t\t\t<div class=\"elementor-widget-wrap elementor-element-populated\">\n\t\t\t\t\t\t<div class=\"elementor-element elementor-element-6aa8f4ea ekit-equal-height-disable elementor-widget elementor-widget-elementskit-icon-box\" data-id=\"6aa8f4ea\" data-element_type=\"widget\" data-e-type=\"widget\" data-widget_type=\"elementskit-icon-box.default\">\n\t\t\t\t<div class=\"elementor-widget-container\">\n\t\t\t\t\t<div class=\"ekit-wid-con\" >        <!-- link opening -->\n                <!-- end link opening -->\n\n        <div class=\"elementskit-infobox text-center text- icon-top-align elementor-animation-  gradient-active  hover_from_left\">\n                    <div class=\"elementskit-box-header elementor-animation-\">\n                <div class=\"elementskit-info-box-icon  \">\n                    <i aria-hidden=\"true\" class=\"elementkit-infobox-icon fas fa-synagogue\"><\/i>\n                <\/div>\n          <\/div>\n                        <div class=\"box-body\">\n                            <h3 class=\"elementskit-info-box-title\">\n                    COMPOSANTES                <\/h3>\n                        \t\t  \t<p>3 Composantes<\/p>\n                                        <div class=\"box-footer disable_hover_button\">\n                    <div class=\"btn-wraper\">\n                                                            <a class=\"elementskit-btn whitespace--normal\" href=\"#\">\n                                                                                Lire plus                                    <\/a>\n                                                        <\/div>\n                <\/div>\n                    <\/div>\n        \n        \n                <\/div>\n        <\/div>\t\t\t\t<\/div>\n\t\t\t\t<\/div>\n\t\t\t\t<div class=\"elementor-element elementor-element-dee789b ekit-equal-height-disable elementor-widget elementor-widget-elementskit-icon-box\" data-id=\"dee789b\" data-element_type=\"widget\" data-e-type=\"widget\" data-widget_type=\"elementskit-icon-box.default\">\n\t\t\t\t<div class=\"elementor-widget-container\">\n\t\t\t\t\t<div class=\"ekit-wid-con\" >        <!-- link opening -->\n                <!-- end link opening -->\n\n        <div class=\"elementskit-infobox text-center text- icon-top-align elementor-animation-  gradient-active  hover_from_left\">\n                    <div class=\"elementskit-box-header elementor-animation-\">\n                <div class=\"elementskit-info-box-icon  \">\n                    <i aria-hidden=\"true\" class=\"elementkit-infobox-icon icon icon-dollar\"><\/i>\n                <\/div>\n          <\/div>\n                        <div class=\"box-body\">\n                            <h3 class=\"elementskit-info-box-title\">\n                    FINANCEMENT                <\/h3>\n                        \t\t  \t<p>3 Principaux bailleurs<\/p>\n                                        <div class=\"box-footer disable_hover_button\">\n                    <div class=\"btn-wraper\">\n                                                            <a class=\"elementskit-btn whitespace--normal\" href=\"#\">\n                                                                                Lire plus                                    <\/a>\n                                                        <\/div>\n                <\/div>\n                    <\/div>\n        \n        \n                <\/div>\n        <\/div>\t\t\t\t<\/div>\n\t\t\t\t<\/div>\n\t\t\t\t\t<\/div>\n\t\t<\/div>\n\t\t\t\t\t<\/div>\n\t\t<\/section>\n\t\t\t\t\t<\/div>\n\t\t<\/div>\n\t\t\t\t\t<\/div>\n\t\t<\/section>\n\t\t\t\t<section class=\"elementor-section elementor-top-section elementor-element elementor-element-37d1fb5 elementor-section-stretched elementor-section-boxed elementor-section-height-default elementor-section-height-default wpr-particle-no wpr-jarallax-no wpr-parallax-no wpr-sticky-section-no wpr-equal-height-no\" data-id=\"37d1fb5\" data-element_type=\"section\" data-e-type=\"section\" data-settings=\"{&quot;stretch_section&quot;:&quot;section-stretched&quot;}\">\n\t\t\t\t\t\t<div class=\"elementor-container elementor-column-gap-default\">\n\t\t\t\t\t<div class=\"elementor-column elementor-col-100 elementor-top-column elementor-element elementor-element-966e9b6\" data-id=\"966e9b6\" data-element_type=\"column\" data-e-type=\"column\">\n\t\t\t<div class=\"elementor-widget-wrap elementor-element-populated\">\n\t\t\t\t\t\t<div class=\"elementor-element elementor-element-bb8bb63 elementor-widget-divider--view-line_text elementor-widget-divider--element-align-left elementor-widget-divider--separator-type-pattern elementor-widget elementor-widget-divider\" data-id=\"bb8bb63\" data-element_type=\"widget\" data-e-type=\"widget\" data-widget_type=\"divider.default\">\n\t\t\t\t<div class=\"elementor-widget-container\">\n\t\t\t\t\t\t\t<div class=\"elementor-divider\" style=\"--divider-pattern-url: url(&quot;data:image\/svg+xml,%3Csvg xmlns=&#039;http:\/\/www.w3.org\/2000\/svg&#039; preserveAspectRatio=&#039;none&#039; overflow=&#039;visible&#039; height=&#039;100%&#039; viewBox=&#039;0 0 20 16&#039; fill=&#039;none&#039; stroke=&#039;black&#039; stroke-width=&#039;8&#039; stroke-linecap=&#039;square&#039; stroke-miterlimit=&#039;10&#039;%3E%3Cg transform=&#039;translate(-12.000000, 0)&#039;%3E%3Cpath d=&#039;M28,0L10,18&#039;\/%3E%3Cpath d=&#039;M18,0L0,18&#039;\/%3E%3Cpath d=&#039;M48,0L30,18&#039;\/%3E%3Cpath d=&#039;M38,0L20,18&#039;\/%3E%3C\/g%3E%3C\/svg%3E&quot;);\">\n\t\t\t<span class=\"elementor-divider-separator\">\n\t\t\t\t\t\t\t<span class=\"elementor-divider__text elementor-divider__element\">\n\t\t\t\tderni\u00e8res ACTUALITES\t\t\t\t<\/span>\n\t\t\t\t\t\t<\/span>\n\t\t<\/div>\n\t\t\t\t\t\t<\/div>\n\t\t\t\t<\/div>\n\t\t\t\t<div class=\"elementor-element elementor-element-b116d53 elementor-widget elementor-widget-subsidyblog\" data-id=\"b116d53\" data-element_type=\"widget\" data-e-type=\"widget\" data-widget_type=\"subsidyblog.default\">\n\t\t\t\t\r\n\t\t<div class=\"elementor-widget-container blog-wrapper blog-style-classic blog-light blog-slide-model\" data-css=\"&quot;&quot;\">\r\n\t\t\r\n\t\t\t<div class=\"owl-carousel\" data-loop=\"1\" data-margin=\"0\" data-center=\"0\" data-nav=\"0\" data-dots=\"1\" data-autoplay=\"1\" data-items=\"3\" data-items-tab=\"2\" data-items-mob=\"1\" data-duration=\"5000\" data-smartspeed=\"250\" data-scrollby=\"1\" data-autoheight=\"0\"><div class=\"owl-carousel-item\"><div class=\"blog-inner\"><div class=\"post-thumb post-overlay-active\"><img decoding=\"async\" width=\"1170\" height=\"694\" src=\"https:\/\/pfan-niger.org\/wp-content\/uploads\/2026\/04\/20260410_1152170-1170x694.jpg\" class=\"img-fluid wp-post-image\" alt=\"\" srcset=\"https:\/\/pfan-niger.org\/wp-content\/uploads\/2026\/04\/20260410_1152170-1170x694.jpg 1170w, https:\/\/pfan-niger.org\/wp-content\/uploads\/2026\/04\/20260410_1152170-768x456.jpg 768w\" sizes=\"(max-width: 1170px) 100vw, 1170px\" \/><div class=\"post-overlay-items\"><div class=\"post-date\"><a href=\"https:\/\/pfan-niger.org\/index.php\/2026\/04\/11\/\" ><i class=\"ti-calendar\"><\/i> 11 avril 2026<\/a><\/div><\/div><\/div><!-- .post-thumb --><div class=\"entry-title\"><h5 class=\"post-title-head\"><a href=\"https:\/\/pfan-niger.org\/index.php\/2026\/04\/11\/reception-provisoire-dun-seuil-radier-construit-par-le-pfan-a-ouallam\/\" class=\"post-title\">R\u00e9ception provisoire d\u2019un seuil radier construit par le PFAN \u00e0 Ouallam<\/a><\/h5><\/div><!-- .entry-title --><div class=\"bottom-meta clearfix\"><ul class=\"nav bottom-meta-list meta-left\"><li><div class=\"post-more\"><a class=\"read-more\" href=\"https:\/\/pfan-niger.org\/index.php\/2026\/04\/11\/reception-provisoire-dun-seuil-radier-construit-par-le-pfan-a-ouallam\/\">Lire la suite <\/a><\/div><\/li><\/ul><\/div><div class=\"top-meta clearfix\"><\/div><\/div><!-- .blog-inner --><\/div><!-- .col \/ .owl-carousel-item \/ .isotope --><div class=\"owl-carousel-item\"><div class=\"blog-inner\"><div class=\"entry-title\"><h5 class=\"post-title-head\"><a href=\"https:\/\/pfan-niger.org\/index.php\/2025\/07\/08\/le-se-cnedd-recoit-les-vnu-du-pfan-de-retour-dune-formation-a-ouagadougou\/\" class=\"post-title\">Le SE\/CNEDD re\u00e7oit les VNU du PFAN de retour d&rsquo;une formation \u00e0 Ouagadougou<\/a><\/h5><\/div><!-- .entry-title --><div class=\"bottom-meta clearfix\"><ul class=\"nav bottom-meta-list meta-left\"><li><div class=\"post-more\"><a class=\"read-more\" href=\"https:\/\/pfan-niger.org\/index.php\/2025\/07\/08\/le-se-cnedd-recoit-les-vnu-du-pfan-de-retour-dune-formation-a-ouagadougou\/\">Lire la suite <\/a><\/div><\/li><\/ul><\/div><div class=\"top-meta clearfix\"><\/div><\/div><!-- .blog-inner --><\/div><!-- .col \/ .owl-carousel-item \/ .isotope --><div class=\"owl-carousel-item\"><div class=\"blog-inner\"><div class=\"post-thumb post-overlay-active\"><img decoding=\"async\" width=\"1020\" height=\"694\" src=\"https:\/\/pfan-niger.org\/wp-content\/uploads\/2025\/03\/Photo-Tahoua-1020x694.jpg\" class=\"img-fluid wp-post-image\" alt=\"\" \/><div class=\"post-overlay-items\"><div class=\"post-date\"><a href=\"https:\/\/pfan-niger.org\/index.php\/2025\/03\/11\/\" ><i class=\"ti-calendar\"><\/i> 11 mars 2025<\/a><\/div><\/div><\/div><!-- .post-thumb --><div class=\"entry-title\"><h5 class=\"post-title-head\"><a href=\"https:\/\/pfan-niger.org\/index.php\/2025\/03\/11\/tahoua-le-pfan-et-le-pne-organisent-un-atelier-dinformation-et-de-sensibilisation-sur-la-gestion-des-risques-de-catastrophes-lies-aux-inondations-et-a-la-secheresse\/\" class=\"post-title\">Tahoua : Le PFAN et le PNE organisent un atelier d\u2019information et de sensibilisation sur la gestion des risques de catastrophes li\u00e9s aux inondations et \u00e0 la s\u00e9cheresse<\/a><\/h5><\/div><!-- .entry-title --><div class=\"bottom-meta clearfix\"><ul class=\"nav bottom-meta-list meta-left\"><li><div class=\"post-more\"><a class=\"read-more\" href=\"https:\/\/pfan-niger.org\/index.php\/2025\/03\/11\/tahoua-le-pfan-et-le-pne-organisent-un-atelier-dinformation-et-de-sensibilisation-sur-la-gestion-des-risques-de-catastrophes-lies-aux-inondations-et-a-la-secheresse\/\">Lire la suite <\/a><\/div><\/li><\/ul><\/div><div class=\"top-meta clearfix\"><\/div><\/div><!-- .blog-inner --><\/div><!-- .col \/ .owl-carousel-item \/ .isotope --><div class=\"owl-carousel-item\"><div class=\"blog-inner\"><div class=\"entry-title\"><h5 class=\"post-title-head\"><a href=\"https:\/\/pfan-niger.org\/index.php\/2024\/11\/22\/le-pfan-appuie-lactualisation-du-plea-de-la-commune-rurale-de-tabalak-le-jeudi-21-novembre-2024-sest-tenu-au-village-de-kehehe-un-atelier-dactualisation-du-plan-local-eau\/\" class=\"post-title\">Le PFAN appuie l\u2019actualisation du PLEA de la Commune Rurale de Tabalak<\/a><\/h5><\/div><!-- .entry-title --><div class=\"bottom-meta clearfix\"><ul class=\"nav bottom-meta-list meta-left\"><li><div class=\"post-more\"><a class=\"read-more\" href=\"https:\/\/pfan-niger.org\/index.php\/2024\/11\/22\/le-pfan-appuie-lactualisation-du-plea-de-la-commune-rurale-de-tabalak-le-jeudi-21-novembre-2024-sest-tenu-au-village-de-kehehe-un-atelier-dactualisation-du-plan-local-eau\/\">Lire la suite <\/a><\/div><\/li><\/ul><\/div><div class=\"top-meta clearfix\"><\/div><\/div><!-- .blog-inner --><\/div><!-- .col \/ .owl-carousel-item \/ .isotope --><div class=\"owl-carousel-item\"><div class=\"blog-inner\"><div class=\"post-thumb post-overlay-active\"><img loading=\"lazy\" decoding=\"async\" width=\"150\" height=\"200\" src=\"https:\/\/pfan-niger.org\/wp-content\/uploads\/2024\/11\/INTALIWENE-1.jpg\" class=\"img-fluid wp-post-image\" alt=\"\" \/><div class=\"post-overlay-items\"><div class=\"post-date\"><a href=\"https:\/\/pfan-niger.org\/index.php\/2024\/11\/22\/\" ><i class=\"ti-calendar\"><\/i> 22 novembre 2024<\/a><\/div><\/div><\/div><!-- .post-thumb --><div class=\"entry-title\"><h5 class=\"post-title-head\"><a href=\"https:\/\/pfan-niger.org\/index.php\/2024\/11\/22\/le-gouverneur-de-la-region-de-tahoua-preside-la-ceremonie-de-reception-provisoire-de-la-mini-aep-dintaliwene\/\" class=\"post-title\">Le Gouverneur de la r\u00e9gion de Tahoua pr\u00e9side la c\u00e9r\u00e9monie de r\u00e9ception provisoire de la mini-AEP d\u2019Intaliw\u00e8ne<\/a><\/h5><\/div><!-- .entry-title --><div class=\"bottom-meta clearfix\"><ul class=\"nav bottom-meta-list meta-left\"><li><div class=\"post-more\"><a class=\"read-more\" href=\"https:\/\/pfan-niger.org\/index.php\/2024\/11\/22\/le-gouverneur-de-la-region-de-tahoua-preside-la-ceremonie-de-reception-provisoire-de-la-mini-aep-dintaliwene\/\">Lire la suite <\/a><\/div><\/li><\/ul><\/div><div class=\"top-meta clearfix\"><\/div><\/div><!-- .blog-inner --><\/div><!-- .col \/ .owl-carousel-item \/ .isotope --><div class=\"owl-carousel-item\"><div class=\"blog-inner\"><div class=\"post-thumb post-overlay-active\"><img loading=\"lazy\" decoding=\"async\" width=\"700\" height=\"316\" src=\"https:\/\/pfan-niger.org\/wp-content\/uploads\/2024\/10\/TAMNOKALT.jpg\" class=\"img-fluid wp-post-image\" alt=\"\" \/><div class=\"post-overlay-items\"><div class=\"post-date\"><a href=\"https:\/\/pfan-niger.org\/index.php\/2024\/10\/03\/\" ><i class=\"ti-calendar\"><\/i> 3 octobre 2024<\/a><\/div><\/div><\/div><!-- .post-thumb --><div class=\"entry-title\"><h5 class=\"post-title-head\"><a href=\"https:\/\/pfan-niger.org\/index.php\/2024\/10\/03\/4484\/\" class=\"post-title\">Le Gouverneur de la r\u00e9gion de Tahoua visite la Station de pompage pastorale du village de Tamnokalt<\/a><\/h5><\/div><!-- .entry-title --><div class=\"bottom-meta clearfix\"><ul class=\"nav bottom-meta-list meta-left\"><li><div class=\"post-more\"><a class=\"read-more\" href=\"https:\/\/pfan-niger.org\/index.php\/2024\/10\/03\/4484\/\">Lire la suite <\/a><\/div><\/li><\/ul><\/div><div class=\"top-meta clearfix\"><\/div><\/div><!-- .blog-inner --><\/div><!-- .col \/ .owl-carousel-item \/ .isotope --><div class=\"owl-carousel-item\"><div class=\"blog-inner\"><div class=\"entry-title\"><h5 class=\"post-title-head\"><a href=\"https:\/\/pfan-niger.org\/index.php\/2024\/09\/25\/le-pfan-finance-lorganisation-de-la-premiere-session-de-la-crea-de-zinder-au-titre-de-lannee-2024\/\" class=\"post-title\">Le PFAN finance l\u2019organisation de la premi\u00e8re session de la CREA de Zinder au titre de l\u2019ann\u00e9e 2024<\/a><\/h5><\/div><!-- .entry-title --><div class=\"bottom-meta clearfix\"><ul class=\"nav bottom-meta-list meta-left\"><li><div class=\"post-more\"><a class=\"read-more\" href=\"https:\/\/pfan-niger.org\/index.php\/2024\/09\/25\/le-pfan-finance-lorganisation-de-la-premiere-session-de-la-crea-de-zinder-au-titre-de-lannee-2024\/\">Lire la suite <\/a><\/div><\/li><\/ul><\/div><div class=\"top-meta clearfix\"><\/div><\/div><!-- .blog-inner --><\/div><!-- .col \/ .owl-carousel-item \/ .isotope --><div class=\"owl-carousel-item\"><div class=\"blog-inner\"><div class=\"post-thumb post-overlay-active\"><img loading=\"lazy\" decoding=\"async\" width=\"700\" height=\"694\" src=\"https:\/\/pfan-niger.org\/wp-content\/uploads\/2024\/09\/INTALIWENE-700x694.jpg\" class=\"img-fluid wp-post-image\" alt=\"\" srcset=\"https:\/\/pfan-niger.org\/wp-content\/uploads\/2024\/09\/INTALIWENE-700x694.jpg 700w, https:\/\/pfan-niger.org\/wp-content\/uploads\/2024\/09\/INTALIWENE-80x80.jpg 80w\" sizes=\"(max-width: 700px) 100vw, 700px\" \/><div class=\"post-overlay-items\"><div class=\"post-date\"><a href=\"https:\/\/pfan-niger.org\/index.php\/2024\/09\/12\/\" ><i class=\"ti-calendar\"><\/i> 12 septembre 2024<\/a><\/div><\/div><\/div><!-- .post-thumb --><div class=\"entry-title\"><h5 class=\"post-title-head\"><a href=\"https:\/\/pfan-niger.org\/index.php\/2024\/09\/12\/intaliwene-commune-rurale-de-kao-derniere-ligne-droite-pour-les-travaux-du-forage-aep-de-700-metres-de-profondeur\/\" class=\"post-title\">Intaliw\u00e8ne (Commune Rurale de Kao)\u00a0: Derni\u00e8re ligne droite pour les travaux du forage AEP de 700 m\u00e8tres de profondeur<\/a><\/h5><\/div><!-- .entry-title --><div class=\"bottom-meta clearfix\"><ul class=\"nav bottom-meta-list meta-left\"><li><div class=\"post-more\"><a class=\"read-more\" href=\"https:\/\/pfan-niger.org\/index.php\/2024\/09\/12\/intaliwene-commune-rurale-de-kao-derniere-ligne-droite-pour-les-travaux-du-forage-aep-de-700-metres-de-profondeur\/\">Lire la suite <\/a><\/div><\/li><\/ul><\/div><div class=\"top-meta clearfix\"><\/div><\/div><!-- .blog-inner --><\/div><!-- .col \/ .owl-carousel-item \/ .isotope --><div class=\"owl-carousel-item\"><div class=\"blog-inner\"><div class=\"post-thumb post-overlay-active\"><img loading=\"lazy\" decoding=\"async\" width=\"1020\" height=\"459\" src=\"https:\/\/pfan-niger.org\/wp-content\/uploads\/2024\/08\/Forage-INTALAK.jpg\" class=\"img-fluid wp-post-image\" alt=\"\" srcset=\"https:\/\/pfan-niger.org\/wp-content\/uploads\/2024\/08\/Forage-INTALAK.jpg 1020w, https:\/\/pfan-niger.org\/wp-content\/uploads\/2024\/08\/Forage-INTALAK-768x346.jpg 768w\" sizes=\"(max-width: 1020px) 100vw, 1020px\" \/><div class=\"post-overlay-items\"><div class=\"post-date\"><a href=\"https:\/\/pfan-niger.org\/index.php\/2024\/08\/01\/\" ><i class=\"ti-calendar\"><\/i> 1 ao\u00fbt 2024<\/a><\/div><\/div><\/div><!-- .post-thumb --><div class=\"entry-title\"><h5 class=\"post-title-head\"><a href=\"https:\/\/pfan-niger.org\/index.php\/2024\/08\/01\/pfan-tchintabaraden-reception-provisoire-du-forage-aep-du-village-dintalak\/\" class=\"post-title\">PFAN\/Tchintabaraden\u00a0: r\u00e9ception provisoire du forage AEP du village d\u2019Intalak<\/a><\/h5><\/div><!-- .entry-title --><div class=\"bottom-meta clearfix\"><ul class=\"nav bottom-meta-list meta-left\"><li><div class=\"post-more\"><a class=\"read-more\" href=\"https:\/\/pfan-niger.org\/index.php\/2024\/08\/01\/pfan-tchintabaraden-reception-provisoire-du-forage-aep-du-village-dintalak\/\">Lire la suite <\/a><\/div><\/li><\/ul><\/div><div class=\"top-meta clearfix\"><\/div><\/div><!-- .blog-inner --><\/div><!-- .col \/ .owl-carousel-item \/ .isotope --><div class=\"owl-carousel-item\"><div class=\"blog-inner\"><div class=\"post-thumb post-overlay-active\"><img loading=\"lazy\" decoding=\"async\" width=\"1170\" height=\"694\" src=\"https:\/\/pfan-niger.org\/wp-content\/uploads\/2024\/05\/Photo-Famille-Dosso-17-1170x694.jpg\" class=\"img-fluid wp-post-image\" alt=\"\" srcset=\"https:\/\/pfan-niger.org\/wp-content\/uploads\/2024\/05\/Photo-Famille-Dosso-17-1170x694.jpg 1170w, https:\/\/pfan-niger.org\/wp-content\/uploads\/2024\/05\/Photo-Famille-Dosso-17-768x456.jpg 768w\" sizes=\"(max-width: 1170px) 100vw, 1170px\" \/><div class=\"post-overlay-items\"><div class=\"post-date\"><a href=\"https:\/\/pfan-niger.org\/index.php\/2024\/05\/22\/\" ><i class=\"ti-calendar\"><\/i> 22 mai 2024<\/a><\/div><\/div><\/div><!-- .post-thumb --><div class=\"entry-title\"><h5 class=\"post-title-head\"><a href=\"https:\/\/pfan-niger.org\/index.php\/2024\/05\/22\/le-pfan-appuie-lorganisation-dun-atelier-damelioration-du-systeme-de-suivi-evaluation-a-dosso\/\" class=\"post-title\">Le PFAN appuie l\u2019organisation d\u2019un atelier d\u2019am\u00e9lioration du syst\u00e8me de suivi-\u00e9valuation du CNEDD \u00e0 Dosso<\/a><\/h5><\/div><!-- .entry-title --><div class=\"bottom-meta clearfix\"><ul class=\"nav bottom-meta-list meta-left\"><li><div class=\"post-more\"><a class=\"read-more\" href=\"https:\/\/pfan-niger.org\/index.php\/2024\/05\/22\/le-pfan-appuie-lorganisation-dun-atelier-damelioration-du-systeme-de-suivi-evaluation-a-dosso\/\">Lire la suite <\/a><\/div><\/li><\/ul><\/div><div class=\"top-meta clearfix\"><\/div><\/div><!-- .blog-inner --><\/div><!-- .col \/ .owl-carousel-item \/ .isotope --><\/div><!-- .owl-carousel -->\t\t\t\r\n\t\t<\/div>\r\n\t\t\t\t<\/div>\n\t\t\t\t\t<\/div>\n\t\t<\/div>\n\t\t\t\t\t<\/div>\n\t\t<\/section>\n\t\t\t\t<section class=\"elementor-section elementor-top-section elementor-element elementor-element-7fad41a elementor-section-full_width elementor-section-stretched elementor-section-height-default elementor-section-height-default wpr-particle-no wpr-jarallax-no wpr-parallax-no wpr-sticky-section-no wpr-equal-height-no\" data-id=\"7fad41a\" data-element_type=\"section\" data-e-type=\"section\" data-settings=\"{&quot;background_background&quot;:&quot;classic&quot;,&quot;stretch_section&quot;:&quot;section-stretched&quot;}\">\n\t\t\t\t\t\t<div class=\"elementor-container elementor-column-gap-default\">\n\t\t\t\t\t<div class=\"elementor-column elementor-col-100 elementor-top-column elementor-element elementor-element-bc2aa27\" data-id=\"bc2aa27\" data-element_type=\"column\" data-e-type=\"column\">\n\t\t\t<div class=\"elementor-widget-wrap elementor-element-populated\">\n\t\t\t\t\t\t<section class=\"elementor-section elementor-inner-section elementor-element elementor-element-b310c2e elementor-section-full_width elementor-section-height-default elementor-section-height-default wpr-particle-no wpr-jarallax-no wpr-parallax-no wpr-sticky-section-no wpr-equal-height-no elementor-invisible\" data-id=\"b310c2e\" data-element_type=\"section\" data-e-type=\"section\" data-settings=\"{&quot;animation&quot;:&quot;fadeInUp&quot;}\">\n\t\t\t\t\t\t<div class=\"elementor-container elementor-column-gap-default\">\n\t\t\t\t\t<div class=\"elementor-column elementor-col-100 elementor-inner-column elementor-element elementor-element-17f3c65\" data-id=\"17f3c65\" data-element_type=\"column\" data-e-type=\"column\">\n\t\t\t<div class=\"elementor-widget-wrap elementor-element-populated\">\n\t\t\t\t\t\t<div class=\"elementor-element elementor-element-64f20c1 eael-infobox-content-align--left elementor-widget elementor-widget-eael-info-box\" data-id=\"64f20c1\" data-element_type=\"widget\" data-e-type=\"widget\" data-widget_type=\"eael-info-box.default\">\n\t\t\t\t<div class=\"elementor-widget-container\">\n\t\t\t\t\t        <div class=\"eael-infobox icon-on-top\">\n\t            <div class=\"infobox-content\">\n                    <div class=\"infobox-title-section\">\n                <h2 class=\"title\">OBJECTIFS<\/h2>            <\/div>\n            <div><p>L\u2019objectif du projet est de renforcer les capacit\u00e9s des institutions nationales et locales et des populations locales en mati\u00e8re de planification et de budg\u00e9tisation de l\u2019adaptation, tout en exploitant les possibilit\u00e9s qu\u2019offre le march\u00e9 de l\u2019eau pour faire progresser l\u2019adaptation et la r\u00e9silience locales au Niger. Le projet accordera la priorit\u00e9 au renforcement de la prise en compte de l\u2019ACC dans le secteur de l\u2019eau en am\u00e9liorant la coordination de la collecte de donn\u00e9es et la gestion des connaissances aux niveaux national et local, et en renfor\u00e7ant les capacit\u00e9s institutionnelles permettant de comprendre la dynamique de l\u2019\u00e9volution du climat dans le secteur de l\u2019eau en vue d\u2019une planification et d\u2019une budg\u00e9tisation de meilleure qualit\u00e9.\u00a0<\/p><\/div>        <div class=\"infobox-button\">\n            <a class=\"eael-infobox-button\" href=\"https:\/\/pfan-niger.org\/index.php\/objectifs\/\">\n                                                <span class=\"infobox-button-text\">Lire la suite<\/span>\n                            <\/a>\n        <\/div>\n            <\/div>\n            <\/div>\n\n\t\t\t\t\t\t<\/div>\n\t\t\t\t<\/div>\n\t\t\t\t\t<\/div>\n\t\t<\/div>\n\t\t\t\t\t<\/div>\n\t\t<\/section>\n\t\t\t\t\t<\/div>\n\t\t<\/div>\n\t\t\t\t\t<\/div>\n\t\t<\/section>\n\t\t\t\t<section class=\"elementor-section elementor-top-section elementor-element elementor-element-b599ab5 elementor-section-full_width elementor-section-stretched elementor-section-height-default elementor-section-height-default wpr-particle-no wpr-jarallax-no wpr-parallax-no wpr-sticky-section-no wpr-equal-height-no\" data-id=\"b599ab5\" data-element_type=\"section\" data-e-type=\"section\" data-settings=\"{&quot;background_background&quot;:&quot;classic&quot;,&quot;stretch_section&quot;:&quot;section-stretched&quot;}\">\n\t\t\t\t\t\t<div class=\"elementor-container elementor-column-gap-default\">\n\t\t\t\t\t<div class=\"elementor-column elementor-col-100 elementor-top-column elementor-element elementor-element-57e441a\" data-id=\"57e441a\" data-element_type=\"column\" data-e-type=\"column\">\n\t\t\t<div class=\"elementor-widget-wrap elementor-element-populated\">\n\t\t\t\t\t\t<div class=\"elementor-element elementor-element-80eb535 elementor-widget elementor-widget-heading\" data-id=\"80eb535\" data-element_type=\"widget\" data-e-type=\"widget\" data-widget_type=\"heading.default\">\n\t\t\t\t<div class=\"elementor-widget-container\">\n\t\t\t\t\t<h2 class=\"elementor-heading-title elementor-size-default\">Domaines cl\u00e9s <\/h2>\t\t\t\t<\/div>\n\t\t\t\t<\/div>\n\t\t\t\t<section class=\"elementor-section elementor-inner-section elementor-element elementor-element-d5f8386 elementor-section-full_width elementor-section-height-default elementor-section-height-default wpr-particle-no wpr-jarallax-no wpr-parallax-no wpr-sticky-section-no wpr-equal-height-no elementor-invisible\" data-id=\"d5f8386\" data-element_type=\"section\" data-e-type=\"section\" data-settings=\"{&quot;animation&quot;:&quot;fadeInUp&quot;}\">\n\t\t\t\t\t\t<div class=\"elementor-container elementor-column-gap-no\">\n\t\t\t\t\t<div class=\"elementor-column elementor-col-50 elementor-inner-column elementor-element elementor-element-d0e870a\" data-id=\"d0e870a\" data-element_type=\"column\" data-e-type=\"column\">\n\t\t\t<div class=\"elementor-widget-wrap elementor-element-populated\">\n\t\t\t\t\t\t<div class=\"elementor-element elementor-element-1d0e723 eael-infobox-content-align--left elementor-widget elementor-widget-eael-info-box\" data-id=\"1d0e723\" data-element_type=\"widget\" data-e-type=\"widget\" data-widget_type=\"eael-info-box.default\">\n\t\t\t\t<div class=\"elementor-widget-container\">\n\t\t\t\t\t        <div class=\"eael-infobox icon-on-top\">\n\t            <div class=\"infobox-content\">\n                    <div class=\"infobox-title-section\">\n                <h2 class=\"title\">Diversit\u00e9 biologique <\/h2>            <\/div>\n                    <\/div>\n            <\/div>\n\n\t\t\t\t\t\t<\/div>\n\t\t\t\t<\/div>\n\t\t\t\t<div class=\"elementor-element elementor-element-033b5a4 elementor-widget elementor-widget-togglecontent\" data-id=\"033b5a4\" data-element_type=\"widget\" data-e-type=\"widget\" data-widget_type=\"togglecontent.default\">\n\t\t\t\t<div class=\"elementor-widget-container\">\n\t\t\t\t\t<div class=\"toggle-content-wrapper\"><div class=\"toggle-content-inner\"><div class=\"toggle-content\" data-height=\"100\"><p>La Division Diversit\u00e9 Biologique est charg\u00e9e :De suivre la mise en \u0153uvre de la Convention des nations unies sur la diversit\u00e9 biologique et les protocoles et accords environnementaux qui lui sont associ\u00e9s auxquels le Niger a souscrit ;<\/p>\n<ul>\n<li>De veiller \u00e0 la conservation de la diversit\u00e9 biologique au Niger et d'assurer une utilisation durable de ses \u00e9l\u00e9ments constitutifs pour cr\u00e9er les conditions d'un partage juste et \u00e9quitable des avantages d\u00e9coulant de son exploitation ;<\/li>\n<li>D\u2019\u00e9laborer le Programme de gestion de la diversit\u00e9 biologique ainsi que les strat\u00e9gies nationales et plans d'actions y relatifs et suivre leurs mises en \u0153uvre ;<\/li>\n<li>De promouvoir l'int\u00e9gration et un suivi r\u00e9gulier de leur \u00e9volution, des aspects relatifs \u00e0 la diversit\u00e9 biologique dans les strat\u00e9gies, plans, programmes et projets de d\u00e9veloppement \u00e9conomique et social.<\/li>\n<\/ul><\/div><!-- .toggle-content --><div class=\"toggle-btn-wrap\"><a class=\"toggle-content-trigger\" href=\" btn-default\" href=\"#\" data-less=\"Pr\u00e9c\u00e9dent \"><span class=\"toggle-btn-txt\">Lire<\/span><\/a><\/div><!-- .toggle-btn-wrap --><\/div><!-- .toggle-content-inner --><\/div><!-- .toggle-content-wrapper -->\t\t\t\t<\/div>\n\t\t\t\t<\/div>\n\t\t\t\t\t<\/div>\n\t\t<\/div>\n\t\t\t\t<div class=\"elementor-column elementor-col-50 elementor-inner-column elementor-element elementor-element-e2ab025\" data-id=\"e2ab025\" data-element_type=\"column\" data-e-type=\"column\">\n\t\t\t<div class=\"elementor-widget-wrap elementor-element-populated\">\n\t\t\t\t\t\t<div class=\"elementor-element elementor-element-b581109 eael-infobox-content-align--left elementor-widget elementor-widget-eael-info-box\" data-id=\"b581109\" data-element_type=\"widget\" data-e-type=\"widget\" data-widget_type=\"eael-info-box.default\">\n\t\t\t\t<div class=\"elementor-widget-container\">\n\t\t\t\t\t        <div class=\"eael-infobox icon-on-top\">\n\t            <div class=\"infobox-content\">\n                    <div class=\"infobox-title-section\">\n                <h2 class=\"title\">Changement et variabilit\u00e9 climatique<\/h2>            <\/div>\n                    <\/div>\n            <\/div>\n\n\t\t\t\t\t\t<\/div>\n\t\t\t\t<\/div>\n\t\t\t\t<div class=\"elementor-element elementor-element-91b788f elementor-widget elementor-widget-togglecontent\" data-id=\"91b788f\" data-element_type=\"widget\" data-e-type=\"widget\" data-widget_type=\"togglecontent.default\">\n\t\t\t\t<div class=\"elementor-widget-container\">\n\t\t\t\t\t<div class=\"toggle-content-wrapper\"><div class=\"toggle-content-inner\"><div class=\"toggle-content\" data-height=\"100\"><p>La Division Changements et Variabilit\u00e9 Climatiques est charg\u00e9e :De suivre la mise en \u0152uvre de la Convention cadre des nations unies sur les changements climatiques et des protocoles et accords environnementaux qui lui sont associ\u00e9s auxquels le Niger a souscrit ;<\/p>\n<ul>\n<li>De coordonner l'\u00e9laboration et la mise en \u0153uvre des strat\u00e9gies, des plans et programmes d'actions nationaux relatifs aux changements et variabilit\u00e9 climatiques ;<\/li>\n<li>De pr\u00e9parer les communications nationales et les rapports nationaux sur les changements et variabilit\u00e9 climatiques ainsi que les inventaires des \u00e9missions des gaz \u00e0 effet de serre conform\u00e9ment aux recommandations de la convention des nations unies sur les changements climatiques et aux accords internationaux qui lui sont associ\u00e9s auxquels le Niger a souscrit ;<\/li>\n<li>De promouvoir l'int\u00e9gration des aspects relatifs aux changements climatiques dans les strat\u00e9gies, plans, programmes et projets de d\u00e9veloppement \u00e9conomique et social et de lutte contre la pauvret\u00e9.<\/li>\n<\/ul><\/div><!-- .toggle-content --><div class=\"toggle-btn-wrap\"><a class=\"toggle-content-trigger\" href=\" btn-default\" href=\"#\" data-less=\"Pr\u00e9c\u00e9dent \"><span class=\"toggle-btn-txt\">Lire<\/span><\/a><\/div><!-- .toggle-btn-wrap --><\/div><!-- .toggle-content-inner --><\/div><!-- .toggle-content-wrapper -->\t\t\t\t<\/div>\n\t\t\t\t<\/div>\n\t\t\t\t\t<\/div>\n\t\t<\/div>\n\t\t\t\t\t<\/div>\n\t\t<\/section>\n\t\t\t\t<section class=\"elementor-section elementor-inner-section elementor-element elementor-element-25067ee elementor-section-full_width elementor-section-height-default elementor-section-height-default wpr-particle-no wpr-jarallax-no wpr-parallax-no wpr-sticky-section-no wpr-equal-height-no elementor-invisible\" data-id=\"25067ee\" data-element_type=\"section\" data-e-type=\"section\" data-settings=\"{&quot;animation&quot;:&quot;fadeInUp&quot;}\">\n\t\t\t\t\t\t<div class=\"elementor-container elementor-column-gap-no\">\n\t\t\t\t\t<div class=\"elementor-column elementor-col-100 elementor-inner-column elementor-element elementor-element-c0af2c1\" data-id=\"c0af2c1\" data-element_type=\"column\" data-e-type=\"column\">\n\t\t\t<div class=\"elementor-widget-wrap elementor-element-populated\">\n\t\t\t\t\t\t<div class=\"elementor-element elementor-element-89dbdbf eael-infobox-content-align--left elementor-widget elementor-widget-eael-info-box\" data-id=\"89dbdbf\" data-element_type=\"widget\" data-e-type=\"widget\" data-widget_type=\"eael-info-box.default\">\n\t\t\t\t<div class=\"elementor-widget-container\">\n\t\t\t\t\t        <div class=\"eael-infobox icon-on-top\">\n\t            <div class=\"infobox-content\">\n                    <div class=\"infobox-title-section\">\n                <h2 class=\"title\">Adaptation au changement climatique <\/h2>            <\/div>\n                    <\/div>\n            <\/div>\n\n\t\t\t\t\t\t<\/div>\n\t\t\t\t<\/div>\n\t\t\t\t<div class=\"elementor-element elementor-element-ba752c8 elementor-widget elementor-widget-togglecontent\" data-id=\"ba752c8\" data-element_type=\"widget\" data-e-type=\"widget\" data-widget_type=\"togglecontent.default\">\n\t\t\t\t<div class=\"elementor-widget-container\">\n\t\t\t\t\t<div class=\"toggle-content-wrapper\"><div class=\"toggle-content-inner\"><div class=\"toggle-content\" data-height=\"100\"><p>Les strat\u00e9gies d'adaptation compl\u00e8tent les mesures d'<a href=\"https:\/\/fr.wikipedia.org\/wiki\/Att%C3%A9nuation_du_changement_climatique\">att\u00e9nuation<\/a>\u00a0qui visent, elles, \u00e0 moins \u00e9mettre de\u00a0<a href=\"https:\/\/fr.wikipedia.org\/wiki\/Gaz_%C3%A0_effet_de_serre\">gaz \u00e0 effet de serre<\/a>\u00a0et \u00e0 restaurer ou prot\u00e9ger les capacit\u00e9s de\u00a0<a href=\"https:\/\/fr.wikipedia.org\/wiki\/Puits_de_carbone\">puits de carbone<\/a>\u00a0des\u00a0<a href=\"https:\/\/fr.wikipedia.org\/wiki\/%C3%89cosyst%C3%A8me\">\u00e9cosyst\u00e8mes<\/a>\u00a0ou agro\u00e9cosyst\u00e8mes car m\u00eame si l'on cessait toute \u00e9mission de gaz \u00e0 effet de serre, l'inertie climatique implique des d\u00e9cennies (voire si\u00e8cles) de perturbations anthropiques du climat.<\/p>\n<p>L'adaptation est \u00e0 la fois individuelle (modifications de comportements) et collective (impliquant tant les collectivit\u00e9s que les entreprises, associations,\u00a0etc.).<\/p><\/div><!-- .toggle-content --><div class=\"toggle-btn-wrap\"><a class=\"toggle-content-trigger\" href=\" btn-default\" href=\"#\" data-less=\"Pr\u00e9c\u00e9dent \"><span class=\"toggle-btn-txt\">Lire<\/span><\/a><\/div><!-- .toggle-btn-wrap --><\/div><!-- .toggle-content-inner --><\/div><!-- .toggle-content-wrapper -->\t\t\t\t<\/div>\n\t\t\t\t<\/div>\n\t\t\t\t\t<\/div>\n\t\t<\/div>\n\t\t\t\t\t<\/div>\n\t\t<\/section>\n\t\t\t\t<section class=\"elementor-section elementor-inner-section elementor-element elementor-element-2e41d75 elementor-section-full_width elementor-section-height-default elementor-section-height-default wpr-particle-no wpr-jarallax-no wpr-parallax-no wpr-sticky-section-no wpr-equal-height-no elementor-invisible\" data-id=\"2e41d75\" data-element_type=\"section\" data-e-type=\"section\" data-settings=\"{&quot;animation&quot;:&quot;fadeInUp&quot;}\">\n\t\t\t\t\t\t<div class=\"elementor-container elementor-column-gap-no\">\n\t\t\t\t\t<div class=\"elementor-column elementor-col-50 elementor-inner-column elementor-element elementor-element-f86cb7b\" data-id=\"f86cb7b\" data-element_type=\"column\" data-e-type=\"column\">\n\t\t\t<div class=\"elementor-widget-wrap elementor-element-populated\">\n\t\t\t\t\t\t<div class=\"elementor-element elementor-element-f1bc904 eael-infobox-content-align--left elementor-widget elementor-widget-eael-info-box\" data-id=\"f1bc904\" data-element_type=\"widget\" data-e-type=\"widget\" data-widget_type=\"eael-info-box.default\">\n\t\t\t\t<div class=\"elementor-widget-container\">\n\t\t\t\t\t        <div class=\"eael-infobox icon-on-top\">\n\t            <div class=\"infobox-content\">\n                    <div class=\"infobox-title-section\">\n                <h2 class=\"title\">Lutte contre la d\u00e9sertification <\/h2>            <\/div>\n                    <\/div>\n            <\/div>\n\n\t\t\t\t\t\t<\/div>\n\t\t\t\t<\/div>\n\t\t\t\t<div class=\"elementor-element elementor-element-fea7145 elementor-widget elementor-widget-togglecontent\" data-id=\"fea7145\" data-element_type=\"widget\" data-e-type=\"widget\" data-widget_type=\"togglecontent.default\">\n\t\t\t\t<div class=\"elementor-widget-container\">\n\t\t\t\t\t<div class=\"toggle-content-wrapper\"><div class=\"toggle-content-inner\"><div class=\"toggle-content\" data-height=\"100\"><p>La d\u00e9sertification est la d\u00e9gradation des terres dans les zones arides, semi-arides et subhumides s\u00e8ches (il ne s'agit pas de l'expansion des d\u00e9serts existants). Elle est caus\u00e9e principalement par les activit\u00e9s humaines et les variations climatiques. Cela se produit parce que les \u00e9cosyst\u00e8mes des zones arides, qui couvrent plus d'un tiers de la superficie terrestre mondiale, sont extr\u00eamement vuln\u00e9rables \u00e0 la surexploitation et \u00e0 l'utilisation inappropri\u00e9e des terres. La pauvret\u00e9, l'instabilit\u00e9 politique, la d\u00e9forestation, le surp\u00e2turage et les mauvaises pratiques d'irrigation sont autant de facteurs qui peuvent nuire \u00e0 la productivit\u00e9 de la terre.<\/p><\/div><!-- .toggle-content --><div class=\"toggle-btn-wrap\"><a class=\"toggle-content-trigger\" href=\" btn-default\" href=\"#\" data-less=\"Pr\u00e9c\u00e9dent \"><span class=\"toggle-btn-txt\">Lire<\/span><\/a><\/div><!-- .toggle-btn-wrap --><\/div><!-- .toggle-content-inner --><\/div><!-- .toggle-content-wrapper -->\t\t\t\t<\/div>\n\t\t\t\t<\/div>\n\t\t\t\t\t<\/div>\n\t\t<\/div>\n\t\t\t\t<div class=\"elementor-column elementor-col-50 elementor-inner-column elementor-element elementor-element-195e9e2\" data-id=\"195e9e2\" data-element_type=\"column\" data-e-type=\"column\">\n\t\t\t<div class=\"elementor-widget-wrap elementor-element-populated\">\n\t\t\t\t\t\t<div class=\"elementor-element elementor-element-6a88090 eael-infobox-content-align--left elementor-widget elementor-widget-eael-info-box\" data-id=\"6a88090\" data-element_type=\"widget\" data-e-type=\"widget\" data-widget_type=\"eael-info-box.default\">\n\t\t\t\t<div class=\"elementor-widget-container\">\n\t\t\t\t\t        <div class=\"eael-infobox icon-on-top\">\n\t            <div class=\"infobox-content\">\n                    <div class=\"infobox-title-section\">\n                <h2 class=\"title\">Sauvegarde environnementale <\/h2>            <\/div>\n                    <\/div>\n            <\/div>\n\n\t\t\t\t\t\t<\/div>\n\t\t\t\t<\/div>\n\t\t\t\t<div class=\"elementor-element elementor-element-f9af749 elementor-widget elementor-widget-togglecontent\" data-id=\"f9af749\" data-element_type=\"widget\" data-e-type=\"widget\" data-widget_type=\"togglecontent.default\">\n\t\t\t\t<div class=\"elementor-widget-container\">\n\t\t\t\t\t<div class=\"toggle-content-wrapper\"><div class=\"toggle-content-inner\"><div class=\"toggle-content\" data-height=\"100\"><p>La protection et l'am\u00e9lioration de l'environnement dans le souci d'une meilleure qualit\u00e9 de vie pour les \u00eatres humains sont des objectifs op\u00e9rationnels cl\u00e9s pour la Banque europ\u00e9enne d'investissement, l'institution de financement \u00e0 long terme de l'Union europ\u00e9enne. Les politiques de sauvegarde environnementale et sociale de la BEI reposent sur l'approche adopt\u00e9e par l'UE en mati\u00e8re de viabilit\u00e9 de l'environnement. Les principes, pratiques et normes d\u00e9riv\u00e9s de ces politiques sont mis en \u00e9vidence dans la D\u00e9claration sur les principes europ\u00e9ens pour l'environnement (PEE), \u00e0 laquelle la BEI et quatre autres institutions multilat\u00e9rales de financement bas\u00e9es en Europe[1] ont souscrit en mai 2006.<\/p><\/div><!-- .toggle-content --><div class=\"toggle-btn-wrap\"><a class=\"toggle-content-trigger\" href=\" btn-default\" href=\"#\" data-less=\"Pr\u00e9c\u00e9dent \"><span class=\"toggle-btn-txt\">Lire<\/span><\/a><\/div><!-- .toggle-btn-wrap --><\/div><!-- .toggle-content-inner --><\/div><!-- .toggle-content-wrapper -->\t\t\t\t<\/div>\n\t\t\t\t<\/div>\n\t\t\t\t\t<\/div>\n\t\t<\/div>\n\t\t\t\t\t<\/div>\n\t\t<\/section>\n\t\t\t\t\t<\/div>\n\t\t<\/div>\n\t\t\t\t\t<\/div>\n\t\t<\/section>\n\t\t\t\t<section class=\"elementor-section elementor-top-section elementor-element elementor-element-80d1ee0 elementor-section-full_width elementor-section-stretched elementor-section-height-default elementor-section-height-default wpr-particle-no wpr-jarallax-no wpr-parallax-no wpr-sticky-section-no wpr-equal-height-no\" data-id=\"80d1ee0\" data-element_type=\"section\" data-e-type=\"section\" data-settings=\"{&quot;background_background&quot;:&quot;classic&quot;,&quot;stretch_section&quot;:&quot;section-stretched&quot;}\">\n\t\t\t\t\t\t<div class=\"elementor-container elementor-column-gap-default\">\n\t\t\t\t\t<div class=\"elementor-column elementor-col-50 elementor-top-column elementor-element elementor-element-64c2a0bd\" data-id=\"64c2a0bd\" data-element_type=\"column\" data-e-type=\"column\" data-settings=\"{&quot;background_background&quot;:&quot;classic&quot;}\">\n\t\t\t<div class=\"elementor-widget-wrap elementor-element-populated\">\n\t\t\t\t\t\t<section class=\"elementor-section elementor-inner-section elementor-element elementor-element-4b412afd elementor-section-boxed elementor-section-height-default elementor-section-height-default wpr-particle-no wpr-jarallax-no wpr-parallax-no wpr-sticky-section-no wpr-equal-height-no\" data-id=\"4b412afd\" data-element_type=\"section\" data-e-type=\"section\">\n\t\t\t\t\t\t<div class=\"elementor-container elementor-column-gap-default\">\n\t\t\t\t\t<div class=\"elementor-column elementor-col-100 elementor-inner-column elementor-element elementor-element-1286799a\" data-id=\"1286799a\" data-element_type=\"column\" data-e-type=\"column\">\n\t\t\t<div class=\"elementor-widget-wrap elementor-element-populated\">\n\t\t\t\t\t\t<div class=\"elementor-element elementor-element-3115e5dc elementor-widget elementor-widget-elementskit-heading\" data-id=\"3115e5dc\" data-element_type=\"widget\" data-e-type=\"widget\" data-widget_type=\"elementskit-heading.default\">\n\t\t\t\t<div class=\"elementor-widget-container\">\n\t\t\t\t\t<div class=\"ekit-wid-con\" ><div class=\"ekit-heading elementskit-section-title-wraper text_left   ekit_heading_tablet-   ekit_heading_mobile-\"><div class=\"ekit_heading_separetor_wraper ekit_heading_elementskit-border-divider elementskit-style-long\"><div class=\"elementskit-border-divider elementskit-style-long\"><\/div><\/div><h2 class=\"ekit-heading--title elementskit-section-title \">Cibles du projet <\/h2><\/div><\/div>\t\t\t\t<\/div>\n\t\t\t\t<\/div>\n\t\t\t\t\t<\/div>\n\t\t<\/div>\n\t\t\t\t\t<\/div>\n\t\t<\/section>\n\t\t\t\t<section class=\"elementor-section elementor-inner-section elementor-element elementor-element-3fece835 elementor-section-boxed elementor-section-height-default elementor-section-height-default wpr-particle-no wpr-jarallax-no wpr-parallax-no wpr-sticky-section-no wpr-equal-height-no\" data-id=\"3fece835\" data-element_type=\"section\" data-e-type=\"section\">\n\t\t\t\t\t\t<div class=\"elementor-container elementor-column-gap-default\">\n\t\t\t\t\t<div class=\"elementor-column elementor-col-50 elementor-inner-column elementor-element elementor-element-55cc5980\" data-id=\"55cc5980\" data-element_type=\"column\" data-e-type=\"column\">\n\t\t\t<div class=\"elementor-widget-wrap elementor-element-populated\">\n\t\t\t\t\t\t<div class=\"elementor-element elementor-element-8ff8882 ekit-equal-height-disable elementor-widget elementor-widget-elementskit-icon-box\" data-id=\"8ff8882\" data-element_type=\"widget\" data-e-type=\"widget\" data-widget_type=\"elementskit-icon-box.default\">\n\t\t\t\t<div class=\"elementor-widget-container\">\n\t\t\t\t\t<div class=\"ekit-wid-con\" >        <!-- link opening -->\n                <a href=\"#\" class=\"ekit_global_links\">\n                <!-- end link opening -->\n\n        <div class=\"elementskit-infobox text-left text-left icon-lef-right-aligin elementor-animation- media  \">\n                    <div class=\"elementskit-box-header elementor-animation-\">\n                <div class=\"elementskit-info-box-icon  text-center\">\n                    <i aria-hidden=\"true\" class=\"elementkit-infobox-icon fas fa-grip-horizontal\"><\/i>\n                <\/div>\n          <\/div>\n                        <div class=\"box-body\">\n                            <h3 class=\"elementskit-info-box-title\">\n                    Zonages                <\/h3>\n                        \t\t  \t<p>Most of the vehicles get damaged\njust because of maintenance neglect \nyou take<\/p>\n                                <\/div>\n        \n        \n                <\/div>\n                <\/a>\n        <\/div>\t\t\t\t<\/div>\n\t\t\t\t<\/div>\n\t\t\t\t\t<\/div>\n\t\t<\/div>\n\t\t\t\t<div class=\"elementor-column elementor-col-50 elementor-inner-column elementor-element elementor-element-305a2629\" data-id=\"305a2629\" data-element_type=\"column\" data-e-type=\"column\">\n\t\t\t<div class=\"elementor-widget-wrap elementor-element-populated\">\n\t\t\t\t\t\t<div class=\"elementor-element elementor-element-3ac25ec ekit-equal-height-disable elementor-widget elementor-widget-elementskit-icon-box\" data-id=\"3ac25ec\" data-element_type=\"widget\" data-e-type=\"widget\" data-widget_type=\"elementskit-icon-box.default\">\n\t\t\t\t<div class=\"elementor-widget-container\">\n\t\t\t\t\t<div class=\"ekit-wid-con\" >        <!-- link opening -->\n                <a href=\"#\" class=\"ekit_global_links\">\n                <!-- end link opening -->\n\n        <div class=\"elementskit-infobox text-left text-left icon-lef-right-aligin elementor-animation- media  \">\n                    <div class=\"elementskit-box-header elementor-animation-\">\n                <div class=\"elementskit-info-box-icon  text-center\">\n                    <i aria-hidden=\"true\" class=\"elementkit-infobox-icon fasicon icon-team1\"><\/i>\n                <\/div>\n          <\/div>\n                        <div class=\"box-body\">\n                            <h3 class=\"elementskit-info-box-title\">\n                    Populations                <\/h3>\n                        \t\t  \t<p>Most of the vehicles get damaged\njust because of maintenance neglect \nyou take<\/p>\n                                <\/div>\n        \n        \n                <\/div>\n                <\/a>\n        <\/div>\t\t\t\t<\/div>\n\t\t\t\t<\/div>\n\t\t\t\t\t<\/div>\n\t\t<\/div>\n\t\t\t\t\t<\/div>\n\t\t<\/section>\n\t\t\t\t<section class=\"elementor-section elementor-inner-section elementor-element elementor-element-4f8ecb3f elementor-section-boxed elementor-section-height-default elementor-section-height-default wpr-particle-no wpr-jarallax-no wpr-parallax-no wpr-sticky-section-no wpr-equal-height-no\" data-id=\"4f8ecb3f\" data-element_type=\"section\" data-e-type=\"section\">\n\t\t\t\t\t\t<div class=\"elementor-container elementor-column-gap-default\">\n\t\t\t\t\t<div class=\"elementor-column elementor-col-50 elementor-inner-column elementor-element elementor-element-89a6221\" data-id=\"89a6221\" data-element_type=\"column\" data-e-type=\"column\">\n\t\t\t<div class=\"elementor-widget-wrap elementor-element-populated\">\n\t\t\t\t\t\t<div class=\"elementor-element elementor-element-2a4ba424 ekit-equal-height-disable elementor-widget elementor-widget-elementskit-icon-box\" data-id=\"2a4ba424\" data-element_type=\"widget\" data-e-type=\"widget\" data-widget_type=\"elementskit-icon-box.default\">\n\t\t\t\t<div class=\"elementor-widget-container\">\n\t\t\t\t\t<div class=\"ekit-wid-con\" >        <!-- link opening -->\n                <a href=\"#\" class=\"ekit_global_links\">\n                <!-- end link opening -->\n\n        <div class=\"elementskit-infobox text-left text-left icon-lef-right-aligin elementor-animation- media  \">\n                    <div class=\"elementskit-box-header elementor-animation-\">\n                <div class=\"elementskit-info-box-icon  text-center\">\n                    <i aria-hidden=\"true\" class=\"elementkit-infobox-icon fasicon icon-planting\"><\/i>\n                <\/div>\n          <\/div>\n                        <div class=\"box-body\">\n                            <h3 class=\"elementskit-info-box-title\">\n                    Climat &amp; Environnement                <\/h3>\n                        \t\t  \t<p>Most of the vehicles get damaged\njust because of maintenance neglect \nyou take<\/p>\n                                <\/div>\n        \n        \n                <\/div>\n                <\/a>\n        <\/div>\t\t\t\t<\/div>\n\t\t\t\t<\/div>\n\t\t\t\t\t<\/div>\n\t\t<\/div>\n\t\t\t\t<div class=\"elementor-column elementor-col-50 elementor-inner-column elementor-element elementor-element-44a63d48\" data-id=\"44a63d48\" data-element_type=\"column\" data-e-type=\"column\">\n\t\t\t<div class=\"elementor-widget-wrap elementor-element-populated\">\n\t\t\t\t\t\t<div class=\"elementor-element elementor-element-3e291166 ekit-equal-height-disable elementor-widget elementor-widget-elementskit-icon-box\" data-id=\"3e291166\" data-element_type=\"widget\" data-e-type=\"widget\" data-widget_type=\"elementskit-icon-box.default\">\n\t\t\t\t<div class=\"elementor-widget-container\">\n\t\t\t\t\t<div class=\"ekit-wid-con\" >        <!-- link opening -->\n                <a href=\"#\" class=\"ekit_global_links\">\n                <!-- end link opening -->\n\n        <div class=\"elementskit-infobox text-left text-left icon-lef-right-aligin elementor-animation- media  \">\n                    <div class=\"elementskit-box-header elementor-animation-\">\n                <div class=\"elementskit-info-box-icon  text-center\">\n                    <i aria-hidden=\"true\" class=\"elementkit-infobox-icon icon icon-graph-2\"><\/i>\n                <\/div>\n          <\/div>\n                        <div class=\"box-body\">\n                            <h3 class=\"elementskit-info-box-title\">\n                    Phases du projet                <\/h3>\n                        \t\t  \t<p>Most of the vehicles get damaged\njust because of maintenance neglect \nyou take<\/p>\n                                <\/div>\n        \n        \n                <\/div>\n                <\/a>\n        <\/div>\t\t\t\t<\/div>\n\t\t\t\t<\/div>\n\t\t\t\t\t<\/div>\n\t\t<\/div>\n\t\t\t\t\t<\/div>\n\t\t<\/section>\n\t\t\t\t\t<\/div>\n\t\t<\/div>\n\t\t\t\t<div class=\"elementor-column elementor-col-50 elementor-top-column elementor-element elementor-element-7a357b53 elementor-hidden-tablet elementor-hidden-phone\" data-id=\"7a357b53\" data-element_type=\"column\" data-e-type=\"column\">\n\t\t\t<div class=\"elementor-widget-wrap\">\n\t\t\t\t\t\t\t<\/div>\n\t\t<\/div>\n\t\t\t\t\t<\/div>\n\t\t<\/section>\n\t\t\t\t<section class=\"elementor-section elementor-top-section elementor-element elementor-element-4a79c5a elementor-section-full_width elementor-section-stretched elementor-section-height-default elementor-section-height-default wpr-particle-no wpr-jarallax-no wpr-parallax-no wpr-sticky-section-no wpr-equal-height-no\" data-id=\"4a79c5a\" data-element_type=\"section\" data-e-type=\"section\" data-settings=\"{&quot;stretch_section&quot;:&quot;section-stretched&quot;,&quot;background_background&quot;:&quot;classic&quot;}\">\n\t\t\t\t\t\t<div class=\"elementor-container elementor-column-gap-default\">\n\t\t\t\t\t<div class=\"elementor-column elementor-col-100 elementor-top-column elementor-element elementor-element-bc3bb63\" data-id=\"bc3bb63\" data-element_type=\"column\" data-e-type=\"column\">\n\t\t\t<div class=\"elementor-widget-wrap elementor-element-populated\">\n\t\t\t\t\t\t<section class=\"elementor-section elementor-inner-section elementor-element elementor-element-a16a479 elementor-section-full_width elementor-section-height-default elementor-section-height-default wpr-particle-no wpr-jarallax-no wpr-parallax-no wpr-sticky-section-no wpr-equal-height-no\" data-id=\"a16a479\" data-element_type=\"section\" data-e-type=\"section\" data-settings=\"{&quot;background_background&quot;:&quot;classic&quot;}\">\n\t\t\t\t\t\t<div class=\"elementor-container elementor-column-gap-default\">\n\t\t\t\t\t<div class=\"elementor-column elementor-col-100 elementor-inner-column elementor-element elementor-element-67de712\" data-id=\"67de712\" data-element_type=\"column\" data-e-type=\"column\">\n\t\t\t<div class=\"elementor-widget-wrap elementor-element-populated\">\n\t\t\t\t\t\t<div class=\"elementor-element elementor-element-5c2c7d1 elementor-widget-divider--view-line_text elementor-widget-divider--element-align-left elementor-widget-divider--separator-type-pattern elementor-widget elementor-widget-divider\" data-id=\"5c2c7d1\" data-element_type=\"widget\" data-e-type=\"widget\" data-widget_type=\"divider.default\">\n\t\t\t\t<div class=\"elementor-widget-container\">\n\t\t\t\t\t\t\t<div class=\"elementor-divider\" style=\"--divider-pattern-url: url(&quot;data:image\/svg+xml,%3Csvg xmlns=&#039;http:\/\/www.w3.org\/2000\/svg&#039; preserveAspectRatio=&#039;none&#039; overflow=&#039;visible&#039; height=&#039;100%&#039; viewBox=&#039;0 0 20 16&#039; fill=&#039;none&#039; stroke=&#039;black&#039; stroke-width=&#039;8&#039; stroke-linecap=&#039;square&#039; stroke-miterlimit=&#039;10&#039;%3E%3Cg transform=&#039;translate(-12.000000, 0)&#039;%3E%3Cpath d=&#039;M28,0L10,18&#039;\/%3E%3Cpath d=&#039;M18,0L0,18&#039;\/%3E%3Cpath d=&#039;M48,0L30,18&#039;\/%3E%3Cpath d=&#039;M38,0L20,18&#039;\/%3E%3C\/g%3E%3C\/svg%3E&quot;);\">\n\t\t\t<span class=\"elementor-divider-separator\">\n\t\t\t\t\t\t\t<span class=\"elementor-divider__text elementor-divider__element\">\n\t\t\t\t\u00c9quipes \t\t\t\t<\/span>\n\t\t\t\t\t\t<\/span>\n\t\t<\/div>\n\t\t\t\t\t\t<\/div>\n\t\t\t\t<\/div>\n\t\t\t\t<div class=\"elementor-element elementor-element-f3f16e8 elementor-widget elementor-widget-zeus-member-carousel\" data-id=\"f3f16e8\" data-element_type=\"widget\" data-e-type=\"widget\" data-widget_type=\"zeus-member-carousel.default\">\n\t\t\t\t<div class=\"elementor-widget-container\">\n\t\t\t\t\t\n\t\t<div class=\"zeus-member-carousel-wrap swiper-container-wrap\">\n\n\t\t\t<div class=\"zeus-member-carousel swiper-container zeus-carousel-container has-dots\" data-settings=\"{&quot;items&quot;:3,&quot;slides&quot;:1,&quot;margin&quot;:10,&quot;effect&quot;:&quot;coverflow&quot;,&quot;speed&quot;:400,&quot;autoplay&quot;:2000,&quot;loop&quot;:&quot;1&quot;,&quot;dots&quot;:&quot;1&quot;}\">\n\t\t\t\t<div class=\"swiper-wrapper\">\n\n\t\t\t\t\t\n\t\t\t\t\t\t<div class=\"zeus-member-carousel-slide swiper-slide\">\n\t\t\t\t\t\t\t<div class=\"zeus-member-carousel-details\">\n\t\t\t\t\t\t\t\t\t\t\t\t\t\t\t\t\t<div class=\"zeus-member-carousel-image\">\n\t\t\t\t\t\t\t\t\t\t<img decoding=\"async\" src=\"https:\/\/pfan-niger.org\/wp-content\/uploads\/2022\/09\/photo9.png\" title=\"photo9\" alt=\"photo9\" loading=\"lazy\" \/>\t\t\t\t\t\t\t\t\t<\/div>\n\t\t\t\t\t\t\t\t\t\t\t\t\t\t\t\t\t<div class=\"zeus-member-carousel-content\">\n\t\t\t\t\t\t\t\t\t\t\t\t\t\t\t\t\t\t\t<h3 class=\"zeus-member-carousel-name\">\n\t\t\t\t\t\t\t\t\t\t\tISSA IDI\t\t\t\t\t\t\t\t\t\t<\/h3>\n\t\t\t\t\t\t\t\t\t\t\t\t\t\t\t\t\t\t\t\t<span class=\"zeus-member-carousel-role\">Coordonnateur<\/span>\n\t\t\t\t\t\t\t\t\t\t\n\t\t\t\t\t\t\t\t\t\t<ul class=\"zeus-member-carousel-social\">\n\t\t\t\t\t\t\t\t\t\t\t\t\t\t\t\t\t\t\t\t\t\t\t<li><a href=\"\"><i class=\"fab fa-facebook\"><\/i><\/a><\/li>\n\t\t\t\t\t\t\t\t\t\t\t\t\t\t\t\t\t\t\t\t\t\t\t\t<li><a href=\"\" target=\"_blank\"><i class=\"fab fa-twitter\"><\/i><\/a><\/li>\n\t\t\t\t\t\t\t\t\t\t\t\t\t\t\t\t\t\t\t\t\t\t\t\t<li><a href=\"\" target=\"_blank\"><i class=\"fab fa-instagram\"><\/i><\/a><\/li>\n\t\t\t\t\t\t\t\t\t\t\t\t\t\t\t\t\t\t\t\t\t\t<\/ul>\n\n\t\t\t\t\t\t\t\t\t\t\t\t\t\t\t\t\t\t<\/div>\n\t\t\t\t\t\t\t<\/div>\n\t\t\t\t\t\t<\/div>\n\t\t\t\t\t\t\n\t\t\t\t\t\t<div class=\"zeus-member-carousel-slide swiper-slide\">\n\t\t\t\t\t\t\t<div class=\"zeus-member-carousel-details\">\n\t\t\t\t\t\t\t\t\t\t\t\t\t\t\t\t\t<div class=\"zeus-member-carousel-image\">\n\t\t\t\t\t\t\t\t\t\t<img decoding=\"async\" src=\"https:\/\/pfan-niger.org\/wp-content\/uploads\/2022\/09\/photo7.png\" title=\"photo7\" alt=\"photo7\" loading=\"lazy\" \/>\t\t\t\t\t\t\t\t\t<\/div>\n\t\t\t\t\t\t\t\t\t\t\t\t\t\t\t\t\t<div class=\"zeus-member-carousel-content\">\n\t\t\t\t\t\t\t\t\t\t\t\t\t\t\t\t\t\t\t<h3 class=\"zeus-member-carousel-name\">\n\t\t\t\t\t\t\t\t\t\t\tMme Ma\u00efmouna Adamou Oumarou\t\t\t\t\t\t\t\t\t\t<\/h3>\n\t\t\t\t\t\t\t\t\t\t\t\t\t\t\t\t\t\t\t\t<span class=\"zeus-member-carousel-role\">Experte en Eau<\/span>\n\t\t\t\t\t\t\t\t\t\t\n\t\t\t\t\t\t\t\t\t\t<ul class=\"zeus-member-carousel-social\">\n\t\t\t\t\t\t\t\t\t\t\t\t\t\t\t\t\t\t\t\t\t\t\t<li><a href=\"\"><i class=\"fab fa-facebook\"><\/i><\/a><\/li>\n\t\t\t\t\t\t\t\t\t\t\t\t\t\t\t\t\t\t\t\t\t\t\t\t<li><a href=\"\" target=\"_blank\"><i class=\"fab fa-twitter\"><\/i><\/a><\/li>\n\t\t\t\t\t\t\t\t\t\t\t\t\t\t\t\t\t\t\t\t\t\t\t\t<li><a href=\"\" target=\"_blank\"><i class=\"fab fa-instagram\"><\/i><\/a><\/li>\n\t\t\t\t\t\t\t\t\t\t\t\t\t\t\t\t\t\t\t\t\t\t<\/ul>\n\n\t\t\t\t\t\t\t\t\t\t\t\t\t\t\t\t\t\t<\/div>\n\t\t\t\t\t\t\t<\/div>\n\t\t\t\t\t\t<\/div>\n\t\t\t\t\t\t\n\t\t\t\t\t\t<div class=\"zeus-member-carousel-slide swiper-slide\">\n\t\t\t\t\t\t\t<div class=\"zeus-member-carousel-details\">\n\t\t\t\t\t\t\t\t\t\t\t\t\t\t\t\t\t<div class=\"zeus-member-carousel-image\">\n\t\t\t\t\t\t\t\t\t\t<img decoding=\"async\" src=\"https:\/\/pfan-niger.org\/wp-content\/uploads\/2022\/09\/photo6.png\" title=\"photo6\" alt=\"photo6\" loading=\"lazy\" \/>\t\t\t\t\t\t\t\t\t<\/div>\n\t\t\t\t\t\t\t\t\t\t\t\t\t\t\t\t\t<div class=\"zeus-member-carousel-content\">\n\t\t\t\t\t\t\t\t\t\t\t\t\t\t\t\t\t\t\t<h3 class=\"zeus-member-carousel-name\">\n\t\t\t\t\t\t\t\t\t\t\tY\u00e9rima Elhadj Idrissa\t\t\t\t\t\t\t\t\t\t<\/h3>\n\t\t\t\t\t\t\t\t\t\t\t\t\t\t\t\t\t\t\t\t<span class=\"zeus-member-carousel-role\">Expert en Suivi-\u00c9valuation <\/span>\n\t\t\t\t\t\t\t\t\t\t\n\t\t\t\t\t\t\t\t\t\t<ul class=\"zeus-member-carousel-social\">\n\t\t\t\t\t\t\t\t\t\t\t\t\t\t\t\t\t\t\t\t\t\t\t<li><a href=\"\"><i class=\"fab fa-facebook\"><\/i><\/a><\/li>\n\t\t\t\t\t\t\t\t\t\t\t\t\t\t\t\t\t\t\t\t\t\t\t\t<li><a href=\"\" target=\"_blank\"><i class=\"fab fa-twitter\"><\/i><\/a><\/li>\n\t\t\t\t\t\t\t\t\t\t\t\t\t\t\t\t\t\t\t\t\t\t\t\t<li><a href=\"\" target=\"_blank\"><i class=\"fab fa-instagram\"><\/i><\/a><\/li>\n\t\t\t\t\t\t\t\t\t\t\t\t\t\t\t\t\t\t\t\t\t\t<\/ul>\n\n\t\t\t\t\t\t\t\t\t\t\t\t\t\t\t\t\t\t<\/div>\n\t\t\t\t\t\t\t<\/div>\n\t\t\t\t\t\t<\/div>\n\t\t\t\t\t\t\n\t\t\t\t\t\t<div class=\"zeus-member-carousel-slide swiper-slide\">\n\t\t\t\t\t\t\t<div class=\"zeus-member-carousel-details\">\n\t\t\t\t\t\t\t\t\t\t\t\t\t\t\t\t\t<div class=\"zeus-member-carousel-image\">\n\t\t\t\t\t\t\t\t\t\t<img decoding=\"async\" src=\"https:\/\/pfan-niger.org\/wp-content\/uploads\/2022\/09\/photo4.png\" title=\"photo4\" alt=\"photo4\" loading=\"lazy\" \/>\t\t\t\t\t\t\t\t\t<\/div>\n\t\t\t\t\t\t\t\t\t\t\t\t\t\t\t\t\t<div class=\"zeus-member-carousel-content\">\n\t\t\t\t\t\t\t\t\t\t\t\t\t\t\t\t\t\t\t<h3 class=\"zeus-member-carousel-name\">\n\t\t\t\t\t\t\t\t\t\t\tIlla Kan\u00e9\t\t\t\t\t\t\t\t\t\t<\/h3>\n\t\t\t\t\t\t\t\t\t\t\t\t\t\t\t\t\t\t\t\t<span class=\"zeus-member-carousel-role\">Expert en Communication  et Gestion des connaissances <\/span>\n\t\t\t\t\t\t\t\t\t\t\n\t\t\t\t\t\t\t\t\t\t<ul class=\"zeus-member-carousel-social\">\n\t\t\t\t\t\t\t\t\t\t\t\t\t\t\t\t\t\t\t\t\t\t\t<li><a href=\"\"><i class=\"fab fa-facebook\"><\/i><\/a><\/li>\n\t\t\t\t\t\t\t\t\t\t\t\t\t\t\t\t\t\t\t\t\t\t\t\t<li><a href=\"\" target=\"_blank\"><i class=\"fab fa-twitter\"><\/i><\/a><\/li>\n\t\t\t\t\t\t\t\t\t\t\t\t\t\t\t\t\t\t\t\t\t\t\t\t<li><a href=\"\" target=\"_blank\"><i class=\"fab fa-instagram\"><\/i><\/a><\/li>\n\t\t\t\t\t\t\t\t\t\t\t\t\t\t\t\t\t\t\t\t\t\t<\/ul>\n\n\t\t\t\t\t\t\t\t\t\t\t\t\t\t\t\t\t\t<\/div>\n\t\t\t\t\t\t\t<\/div>\n\t\t\t\t\t\t<\/div>\n\t\t\t\t\t\t\n\t\t\t\t\t\t<div class=\"zeus-member-carousel-slide swiper-slide\">\n\t\t\t\t\t\t\t<div class=\"zeus-member-carousel-details\">\n\t\t\t\t\t\t\t\t\t\t\t\t\t\t\t\t\t<div class=\"zeus-member-carousel-image\">\n\t\t\t\t\t\t\t\t\t\t<img decoding=\"async\" src=\"https:\/\/pfan-niger.org\/wp-content\/uploads\/2022\/09\/photo5.png\" title=\"photo5\" alt=\"photo5\" loading=\"lazy\" \/>\t\t\t\t\t\t\t\t\t<\/div>\n\t\t\t\t\t\t\t\t\t\t\t\t\t\t\t\t\t<div class=\"zeus-member-carousel-content\">\n\t\t\t\t\t\t\t\t\t\t\t\t\t\t\t\t\t\t\t<h3 class=\"zeus-member-carousel-name\">\n\t\t\t\t\t\t\t\t\t\t\tAmsafana Bagale Abba Zoumani\t\t\t\t\t\t\t\t\t\t<\/h3>\n\t\t\t\t\t\t\t\t\t\t\t\t\t\t\t\t\t\t\t\t<span class=\"zeus-member-carousel-role\">VNU\/PFAN-Kao-Tchintabaraden<\/span>\n\t\t\t\t\t\t\t\t\t\t\n\t\t\t\t\t\t\t\t\t\t<ul class=\"zeus-member-carousel-social\">\n\t\t\t\t\t\t\t\t\t\t\t\t\t\t\t\t\t\t\t\t\t\t\t<li><a href=\"\"><i class=\"fab fa-facebook\"><\/i><\/a><\/li>\n\t\t\t\t\t\t\t\t\t\t\t\t\t\t\t\t\t\t\t\t\t\t\t\t<li><a href=\"\" target=\"_blank\"><i class=\"fab fa-twitter\"><\/i><\/a><\/li>\n\t\t\t\t\t\t\t\t\t\t\t\t\t\t\t\t\t\t\t\t\t\t\t\t<li><a href=\"\" target=\"_blank\"><i class=\"fab fa-instagram\"><\/i><\/a><\/li>\n\t\t\t\t\t\t\t\t\t\t\t\t\t\t\t\t\t\t\t\t\t\t<\/ul>\n\n\t\t\t\t\t\t\t\t\t\t\t\t\t\t\t\t\t\t<\/div>\n\t\t\t\t\t\t\t<\/div>\n\t\t\t\t\t\t<\/div>\n\t\t\t\t\t\t\n\t\t\t\t\t\t<div class=\"zeus-member-carousel-slide swiper-slide\">\n\t\t\t\t\t\t\t<div class=\"zeus-member-carousel-details\">\n\t\t\t\t\t\t\t\t\t\t\t\t\t\t\t\t\t<div class=\"zeus-member-carousel-image\">\n\t\t\t\t\t\t\t\t\t\t<img decoding=\"async\" src=\"https:\/\/pfan-niger.org\/wp-content\/uploads\/2022\/09\/photo8.png\" title=\"photo8\" alt=\"photo8\" loading=\"lazy\" \/>\t\t\t\t\t\t\t\t\t<\/div>\n\t\t\t\t\t\t\t\t\t\t\t\t\t\t\t\t\t<div class=\"zeus-member-carousel-content\">\n\t\t\t\t\t\t\t\t\t\t\t\t\t\t\t\t\t\t\t<h3 class=\"zeus-member-carousel-name\">\n\t\t\t\t\t\t\t\t\t\t\tDjibo Daouda Hamidou\t\t\t\t\t\t\t\t\t\t<\/h3>\n\t\t\t\t\t\t\t\t\t\t\t\t\t\t\t\t\t\t\t\t<span class=\"zeus-member-carousel-role\">VNU\/PFAN-Ouallam-Tondikiwindi<\/span>\n\t\t\t\t\t\t\t\t\t\t\n\t\t\t\t\t\t\t\t\t\t<ul class=\"zeus-member-carousel-social\">\n\t\t\t\t\t\t\t\t\t\t\t\t\t\t\t\t\t\t\t\t\t\t\t<li><a href=\"\"><i class=\"fab fa-facebook\"><\/i><\/a><\/li>\n\t\t\t\t\t\t\t\t\t\t\t\t\t\t\t\t\t\t\t\t\t\t\t\t<li><a href=\"\" target=\"_blank\"><i class=\"fab fa-twitter\"><\/i><\/a><\/li>\n\t\t\t\t\t\t\t\t\t\t\t\t\t\t\t\t\t\t\t\t\t\t\t\t<li><a href=\"\" target=\"_blank\"><i class=\"fab fa-instagram\"><\/i><\/a><\/li>\n\t\t\t\t\t\t\t\t\t\t\t\t\t\t\t\t\t\t\t\t\t\t<\/ul>\n\n\t\t\t\t\t\t\t\t\t\t\t\t\t\t\t\t\t\t<\/div>\n\t\t\t\t\t\t\t<\/div>\n\t\t\t\t\t\t<\/div>\n\t\t\t\t\t\t\n\t\t\t\t\t\t<div class=\"zeus-member-carousel-slide swiper-slide\">\n\t\t\t\t\t\t\t<div class=\"zeus-member-carousel-details\">\n\t\t\t\t\t\t\t\t\t\t\t\t\t\t\t\t\t<div class=\"zeus-member-carousel-image\">\n\t\t\t\t\t\t\t\t\t\t<img decoding=\"async\" src=\"https:\/\/pfan-niger.org\/wp-content\/uploads\/2022\/09\/photo3.png\" title=\"photo3\" alt=\"photo3\" loading=\"lazy\" \/>\t\t\t\t\t\t\t\t\t<\/div>\n\t\t\t\t\t\t\t\t\t\t\t\t\t\t\t\t\t<div class=\"zeus-member-carousel-content\">\n\t\t\t\t\t\t\t\t\t\t\t\t\t\t\t\t\t\t\t<h3 class=\"zeus-member-carousel-name\">\n\t\t\t\t\t\t\t\t\t\t\tHassane Harouna\t\t\t\t\t\t\t\t\t\t<\/h3>\n\t\t\t\t\t\t\t\t\t\t\t\t\t\t\t\t\t\t\t\t<span class=\"zeus-member-carousel-role\">RAF<\/span>\n\t\t\t\t\t\t\t\t\t\t\n\t\t\t\t\t\t\t\t\t\t<ul class=\"zeus-member-carousel-social\">\n\t\t\t\t\t\t\t\t\t\t\t\t\t\t\t\t\t\t\t\t\t\t\t<li><a href=\"\"><i class=\"fab fa-facebook\"><\/i><\/a><\/li>\n\t\t\t\t\t\t\t\t\t\t\t\t\t\t\t\t\t\t\t\t\t\t\t\t<li><a href=\"\" target=\"_blank\"><i class=\"fab fa-twitter\"><\/i><\/a><\/li>\n\t\t\t\t\t\t\t\t\t\t\t\t\t\t\t\t\t\t\t\t\t\t\t\t<li><a href=\"\" target=\"_blank\"><i class=\"fab fa-instagram\"><\/i><\/a><\/li>\n\t\t\t\t\t\t\t\t\t\t\t\t\t\t\t\t\t\t\t\t\t\t<\/ul>\n\n\t\t\t\t\t\t\t\t\t\t\t\t\t\t\t\t\t\t<\/div>\n\t\t\t\t\t\t\t<\/div>\n\t\t\t\t\t\t<\/div>\n\t\t\t\t\t\t\n\t\t\t\t\t\t<div class=\"zeus-member-carousel-slide swiper-slide\">\n\t\t\t\t\t\t\t<div class=\"zeus-member-carousel-details\">\n\t\t\t\t\t\t\t\t\t\t\t\t\t\t\t\t\t<div class=\"zeus-member-carousel-image\">\n\t\t\t\t\t\t\t\t\t\t<img decoding=\"async\" src=\"https:\/\/pfan-niger.org\/wp-content\/uploads\/2022\/09\/photo1.png\" title=\"photo1\" alt=\"photo1\" loading=\"lazy\" \/>\t\t\t\t\t\t\t\t\t<\/div>\n\t\t\t\t\t\t\t\t\t\t\t\t\t\t\t\t\t<div class=\"zeus-member-carousel-content\">\n\t\t\t\t\t\t\t\t\t\t\t\t\t\t\t\t\t\t\t<h3 class=\"zeus-member-carousel-name\">\n\t\t\t\t\t\t\t\t\t\t\tIbrahim Id\u00e9 Abdoul Nasser\t\t\t\t\t\t\t\t\t\t<\/h3>\n\t\t\t\t\t\t\t\t\t\t\t\t\t\t\t\t\t\t\t\t<span class=\"zeus-member-carousel-role\">VNU\/PFAN-Tenhiya<\/span>\n\t\t\t\t\t\t\t\t\t\t\n\t\t\t\t\t\t\t\t\t\t<ul class=\"zeus-member-carousel-social\">\n\t\t\t\t\t\t\t\t\t\t\t\t\t\t\t\t\t\t\t\t\t\t\t<li><a href=\"\"><i class=\"fab fa-facebook\"><\/i><\/a><\/li>\n\t\t\t\t\t\t\t\t\t\t\t\t\t\t\t\t\t\t\t\t\t\t\t\t<li><a href=\"\" target=\"_blank\"><i class=\"fab fa-twitter\"><\/i><\/a><\/li>\n\t\t\t\t\t\t\t\t\t\t\t\t\t\t\t\t\t\t\t\t\t\t\t\t<li><a href=\"\" target=\"_blank\"><i class=\"fab fa-instagram\"><\/i><\/a><\/li>\n\t\t\t\t\t\t\t\t\t\t\t\t\t\t\t\t\t\t\t\t\t\t<\/ul>\n\n\t\t\t\t\t\t\t\t\t\t\t\t\t\t\t\t\t\t<\/div>\n\t\t\t\t\t\t\t<\/div>\n\t\t\t\t\t\t<\/div>\n\t\t\t\t\t\t\n\t\t\t\t\t\t<div class=\"zeus-member-carousel-slide swiper-slide\">\n\t\t\t\t\t\t\t<div class=\"zeus-member-carousel-details\">\n\t\t\t\t\t\t\t\t\t\t\t\t\t\t\t\t\t<div class=\"zeus-member-carousel-image\">\n\t\t\t\t\t\t\t\t\t\t<img decoding=\"async\" src=\"https:\/\/pfan-niger.org\/wp-content\/uploads\/2022\/09\/photo2.png\" title=\"photo2\" alt=\"photo2\" loading=\"lazy\" \/>\t\t\t\t\t\t\t\t\t<\/div>\n\t\t\t\t\t\t\t\t\t\t\t\t\t\t\t\t\t<div class=\"zeus-member-carousel-content\">\n\t\t\t\t\t\t\t\t\t\t\t\t\t\t\t\t\t\t\t<h3 class=\"zeus-member-carousel-name\">\n\t\t\t\t\t\t\t\t\t\t\tAbdou Souley Issa\t\t\t\t\t\t\t\t\t\t<\/h3>\n\t\t\t\t\t\t\t\t\t\t\t\t\t\t\t\t\t\t\t\t<span class=\"zeus-member-carousel-role\">VNU\/PFAN-Tabalak-takanamatt<\/span>\n\t\t\t\t\t\t\t\t\t\t\n\t\t\t\t\t\t\t\t\t\t<ul class=\"zeus-member-carousel-social\">\n\t\t\t\t\t\t\t\t\t\t\t\t\t\t\t\t\t\t\t\t\t\t\t<li><a href=\"\"><i class=\"fab fa-facebook\"><\/i><\/a><\/li>\n\t\t\t\t\t\t\t\t\t\t\t\t\t\t\t\t\t\t\t\t\t\t\t\t<li><a href=\"\" target=\"_blank\"><i class=\"fab fa-twitter\"><\/i><\/a><\/li>\n\t\t\t\t\t\t\t\t\t\t\t\t\t\t\t\t\t\t\t\t\t\t\t\t<li><a href=\"\" target=\"_blank\"><i class=\"fab fa-instagram\"><\/i><\/a><\/li>\n\t\t\t\t\t\t\t\t\t\t\t\t\t\t\t\t\t\t\t\t\t\t<\/ul>\n\n\t\t\t\t\t\t\t\t\t\t\t\t\t\t\t\t\t\t<\/div>\n\t\t\t\t\t\t\t<\/div>\n\t\t\t\t\t\t<\/div>\n\t\t\t\t\t\t\n\t\t\t\t\t\t<div class=\"zeus-member-carousel-slide swiper-slide\">\n\t\t\t\t\t\t\t<div class=\"zeus-member-carousel-details\">\n\t\t\t\t\t\t\t\t\t\t\t\t\t\t\t\t\t<div class=\"zeus-member-carousel-image\">\n\t\t\t\t\t\t\t\t\t\t<img decoding=\"async\" src=\"https:\/\/pfan-niger.org\/wp-content\/plugins\/elementor\/assets\/images\/placeholder.png\" title=\"\" alt=\"\" loading=\"lazy\" \/>\t\t\t\t\t\t\t\t\t<\/div>\n\t\t\t\t\t\t\t\t\t\t\t\t\t\t\t\t\t<div class=\"zeus-member-carousel-content\">\n\t\t\t\t\t\t\t\t\t\t\t\t\t\t\t\t\t\t\t<h3 class=\"zeus-member-carousel-name\">\n\t\t\t\t\t\t\t\t\t\t\tMarie Clandette Umuhoza Nkabito\t\t\t\t\t\t\t\t\t\t<\/h3>\n\t\t\t\t\t\t\t\t\t\t\t\t\t\t\t\t\t\t\t\t<span class=\"zeus-member-carousel-role\">VNA Internationale, Experte en Changements climatiques<\/span>\n\t\t\t\t\t\t\t\t\t\t\n\t\t\t\t\t\t\t\t\t\t<ul class=\"zeus-member-carousel-social\">\n\t\t\t\t\t\t\t\t\t\t\t\t\t\t\t\t\t\t\t\t\t\t\t<li><a href=\"\"><i class=\"fab fa-facebook\"><\/i><\/a><\/li>\n\t\t\t\t\t\t\t\t\t\t\t\t\t\t\t\t\t\t\t\t\t\t\t\t<li><a href=\"\" target=\"_blank\"><i class=\"fab fa-twitter\"><\/i><\/a><\/li>\n\t\t\t\t\t\t\t\t\t\t\t\t\t\t\t\t\t\t\t\t\t\t\t\t<li><a href=\"\" target=\"_blank\"><i class=\"fab fa-instagram\"><\/i><\/a><\/li>\n\t\t\t\t\t\t\t\t\t\t\t\t\t\t\t\t\t\t\t\t\t\t<\/ul>\n\n\t\t\t\t\t\t\t\t\t\t\t\t\t\t\t\t\t\t<\/div>\n\t\t\t\t\t\t\t<\/div>\n\t\t\t\t\t\t<\/div>\n\t\t\t\t\t\t\n\t\t\t\t<\/div>\n\t\t\t<\/div>\n\n\t\t\t\t\t\t\t<div class=\"swiper-pagination swiper-pagination-f3f16e8\"><\/div>\n\t\t\t\t\n\t\t<\/div>\n\n\t\t\t\t\t\t<\/div>\n\t\t\t\t<\/div>\n\t\t\t\t\t<\/div>\n\t\t<\/div>\n\t\t\t\t\t<\/div>\n\t\t<\/section>\n\t\t\t\t\t<\/div>\n\t\t<\/div>\n\t\t\t\t\t<\/div>\n\t\t<\/section>\n\t\t\t\t<section class=\"elementor-section elementor-top-section elementor-element elementor-element-d96ac43 elementor-section-full_width elementor-section-stretched elementor-section-height-default elementor-section-height-default wpr-particle-no wpr-jarallax-no wpr-parallax-no wpr-sticky-section-no wpr-equal-height-no\" data-id=\"d96ac43\" data-element_type=\"section\" data-e-type=\"section\" data-settings=\"{&quot;background_background&quot;:&quot;classic&quot;,&quot;stretch_section&quot;:&quot;section-stretched&quot;}\">\n\t\t\t\t\t\t<div class=\"elementor-container elementor-column-gap-default\">\n\t\t\t\t\t<div class=\"elementor-column elementor-col-100 elementor-top-column elementor-element elementor-element-4a1a013\" data-id=\"4a1a013\" data-element_type=\"column\" data-e-type=\"column\">\n\t\t\t<div class=\"elementor-widget-wrap elementor-element-populated\">\n\t\t\t\t\t\t<section class=\"elementor-section elementor-inner-section elementor-element elementor-element-fbc0a8d elementor-section-full_width elementor-section-height-default elementor-section-height-default wpr-particle-no wpr-jarallax-no wpr-parallax-no wpr-sticky-section-no wpr-equal-height-no\" data-id=\"fbc0a8d\" data-element_type=\"section\" data-e-type=\"section\">\n\t\t\t\t\t\t<div class=\"elementor-container elementor-column-gap-default\">\n\t\t\t\t\t<div class=\"elementor-column elementor-col-100 elementor-inner-column elementor-element elementor-element-d9fe32d\" data-id=\"d9fe32d\" data-element_type=\"column\" data-e-type=\"column\">\n\t\t\t<div class=\"elementor-widget-wrap elementor-element-populated\">\n\t\t\t\t\t\t<div class=\"elementor-element elementor-element-bb2ac73 elementor-widget-divider--view-line_text elementor-widget-divider--element-align-left elementor-widget-divider--separator-type-pattern elementor-widget elementor-widget-divider\" data-id=\"bb2ac73\" data-element_type=\"widget\" data-e-type=\"widget\" data-widget_type=\"divider.default\">\n\t\t\t\t<div class=\"elementor-widget-container\">\n\t\t\t\t\t\t\t<div class=\"elementor-divider\" style=\"--divider-pattern-url: url(&quot;data:image\/svg+xml,%3Csvg xmlns=&#039;http:\/\/www.w3.org\/2000\/svg&#039; preserveAspectRatio=&#039;none&#039; overflow=&#039;visible&#039; height=&#039;100%&#039; viewBox=&#039;0 0 20 16&#039; fill=&#039;none&#039; stroke=&#039;black&#039; stroke-width=&#039;8&#039; stroke-linecap=&#039;square&#039; stroke-miterlimit=&#039;10&#039;%3E%3Cg transform=&#039;translate(-12.000000, 0)&#039;%3E%3Cpath d=&#039;M28,0L10,18&#039;\/%3E%3Cpath d=&#039;M18,0L0,18&#039;\/%3E%3Cpath d=&#039;M48,0L30,18&#039;\/%3E%3Cpath d=&#039;M38,0L20,18&#039;\/%3E%3C\/g%3E%3C\/svg%3E&quot;);\">\n\t\t\t<span class=\"elementor-divider-separator\">\n\t\t\t\t\t\t\t<span class=\"elementor-divider__text elementor-divider__element\">\n\t\t\t\tPartenaires \t\t\t\t<\/span>\n\t\t\t\t\t\t<\/span>\n\t\t<\/div>\n\t\t\t\t\t\t<\/div>\n\t\t\t\t<\/div>\n\t\t\t\t<div class=\"elementor-element elementor-element-5142a0e elementor-widget elementor-widget-elementskit-client-logo\" data-id=\"5142a0e\" data-element_type=\"widget\" data-e-type=\"widget\" data-widget_type=\"elementskit-client-logo.default\">\n\t\t\t\t<div class=\"elementor-widget-container\">\n\t\t\t\t\t<div class=\"ekit-wid-con\" >\t\t<div class=\"elementskit-clients-slider slider-dotted arrow_inside dot_dotted hover_from_bottom banner_logo_image\" data-config=\"{&quot;rtl&quot;:false,&quot;arrows&quot;:true,&quot;dots&quot;:true,&quot;autoplay&quot;:true,&quot;speed&quot;:1000,&quot;slidesPerView&quot;:4,&quot;slidesPerGroup&quot;:1,&quot;pauseOnHover&quot;:true,&quot;loop&quot;:true,&quot;breakpoints&quot;:{&quot;320&quot;:{&quot;slidesPerView&quot;:1,&quot;slidesPerGroup&quot;:1,&quot;spaceBetween&quot;:10},&quot;768&quot;:{&quot;slidesPerView&quot;:2,&quot;slidesPerGroup&quot;:1,&quot;spaceBetween&quot;:10},&quot;1024&quot;:{&quot;slidesPerView&quot;:4,&quot;slidesPerGroup&quot;:1,&quot;spaceBetween&quot;:15}}}\" data-direction=\"hover_from_bottom\">\n\t\t\t<div class=\"ekit-main-swiper swiper\">\n\t\t\t\t<div class=\"swiper-wrapper\">\n\t\t\t\t\t\t\t\t\t\t\t<div class=\"elementskit-client-slider-item swiper-slide log-separator\">\n\t\t\t\t\t\t\t<div class=\"swiper-slide-inner\">\n\t\t\t\t\t\t\t\t<div class=\"single-client image-switcher\" title=\"Title #1\">\n\t\t\t\t\t\t\t\t\t\t\t\t\t\t\t\t\t\t\t<div class=\"content-image\">\n\t\t\t\t\t\t\t\t\t\t\t<img loading=\"lazy\" decoding=\"async\" width=\"149\" height=\"177\" src=\"https:\/\/pfan-niger.org\/wp-content\/uploads\/2022\/07\/Logo-fem.png\" class=\"\" alt=\"\" \/>\t\t\t\t\t\t\t\t\t\t<\/div>\n\t\t\t\t\t\t\t\t\t\t\t\t\t\t\t\t\t<\/div>\n\t\t\t\t\t\t\t<\/div>\n\t\t\t\t\t\t<\/div>\n\t\t\t\t\t\t\t\t\t\t\t<div class=\"elementskit-client-slider-item swiper-slide log-separator\">\n\t\t\t\t\t\t\t<div class=\"swiper-slide-inner\">\n\t\t\t\t\t\t\t\t<div class=\"single-client image-switcher\" title=\"pnud\">\n\t\t\t\t\t\t\t\t\t\t\t\t\t\t\t\t\t\t\t<div class=\"content-image\">\n\t\t\t\t\t\t\t\t\t\t\t<img loading=\"lazy\" decoding=\"async\" width=\"149\" height=\"164\" src=\"https:\/\/pfan-niger.org\/wp-content\/uploads\/2022\/07\/logo2.png\" class=\"\" alt=\"\" \/>\t\t\t\t\t\t\t\t\t\t<\/div>\n\t\t\t\t\t\t\t\t\t\t\t\t\t\t\t\t\t<\/div>\n\t\t\t\t\t\t\t<\/div>\n\t\t\t\t\t\t<\/div>\n\t\t\t\t\t\t\t\t\t\t\t<div class=\"elementskit-client-slider-item swiper-slide log-separator\">\n\t\t\t\t\t\t\t<div class=\"swiper-slide-inner\">\n\t\t\t\t\t\t\t\t<div class=\"single-client image-switcher\" title=\"Title #5\">\n\t\t\t\t\t\t\t\t\t\t\t\t\t\t\t\t\t\t\t<div class=\"content-image\">\n\t\t\t\t\t\t\t\t\t\t\t<img loading=\"lazy\" decoding=\"async\" width=\"350\" height=\"82\" src=\"https:\/\/pfan-niger.org\/wp-content\/uploads\/2022\/07\/telechargement-1.png\" class=\"\" alt=\"\" \/>\t\t\t\t\t\t\t\t\t\t<\/div>\n\t\t\t\t\t\t\t\t\t\t\t\t\t\t\t\t\t<\/div>\n\t\t\t\t\t\t\t<\/div>\n\t\t\t\t\t\t<\/div>\n\t\t\t\t\t\t\t\t\t<\/div>\n\n\t\t\t\t\t\t\t\t\t<div class=\"swiper-pagination\"><\/div>\n\t\t\t\t\n\t\t\t\t\t\t\t\t\t<div class=\"swiper-navigation-button swiper-button-prev\">\n\t\t\t\t\t\t<i aria-hidden=\"true\" class=\"icon icon-double-left-chevron\"><\/i>\t\t\t\t\t<\/div>\n\t\t\t\t\t<div class=\"swiper-navigation-button swiper-button-next\">\n\t\t\t\t\t\t<i aria-hidden=\"true\" class=\"icon icon-double-angle-pointing-to-right\"><\/i>\t\t\t\t\t<\/div>\n\t\t\t\t\t\t\t<\/div><!-- .elementskit-clients-slider END -->\n\t\t<\/div>\n\t\t<\/div>\t\t\t\t<\/div>\n\t\t\t\t<\/div>\n\t\t\t\t\t<\/div>\n\t\t<\/div>\n\t\t\t\t\t<\/div>\n\t\t<\/section>\n\t\t\t\t\t<\/div>\n\t\t<\/div>\n\t\t\t\t\t<\/div>\n\t\t<\/section>\n\t\t\t\t<\/div>\n\t\t","protected":false},"excerpt":{"rendered":"<p>0 Posted on22 mai 202424 juin 2024 Le PFAN appuie l\u2019organisation d\u2019un atelier d\u2019am\u00e9lioration du syst\u00e8me de suivi-\u00e9valuation du CNEDD \u00e0 Dosso 0 Posted on22 mai 20243 juin 2024 Tillab\u00e9ri: Le PFAN et l\u2019ABN organisent un atelier sur l\u2019am\u00e9lioration de l\u2019acc\u00e8s du public aux informations sur les risques climatiques li\u00e9s au secteur de l\u2019eau 0 Posted on17 avril 202417 avril 2024 Dosso : Le PFAN organise un atelier de formation des D\u00e9cideurs et Experts du niveau national sur les questions des changements climatiques en lien avec le secteur des ressources en eau 0 Posted on31 mars 202431 mars 2024 Le PFAN remet cinq sites de forages AEP dans la r\u00e9gion de Tahoua 0 Posted on17 janvier 202418 janvier 2024 Le PFAN forme des D\u00e9cideurs et Experts de la R\u00e9gion d\u2019Agadez 0 Posted on11 janvier 202411 janvier 2024 Le PFAN forme les acteurs et actrices des m\u00e9dias et de la soci\u00e9t\u00e9 civile de cinq communes de Zinder sur la pr\u00e9vention des risques climatiques dans le secteur de l\u2019eau Le projet PFAN Le projet envisag\u00e9 au titre du FPMA a pour objectif d\u2019aider les populations vuln\u00e9rables ainsi que les autorit\u00e9s nationales et locales \u00e0 renforcer leur r\u00e9silience aux risques et \u00e0 la vuln\u00e9rabilit\u00e9 climatiques, en mettant un accent particulier sur la planification et la mise en \u0153uvre de mesures d\u2019adaptation au changement climatique dans le secteur de l\u2019eau. En Savoir plus COMMUNES D&#039;INTERVENTION Les 8 R\u00e9gions du Niger Lire plus EFFETS 3 Effets imm\u00e9diats Lire plus COMPOSANTES 3 Composantes Lire plus FINANCEMENT 3 Principaux bailleurs Lire plus derni\u00e8res ACTUALITES Le PFAN appuie l\u2019organisation d\u2019un atelier d\u2019am\u00e9lioration du syst\u00e8me de suivi-\u00e9valuation du CNEDD \u00e0 Dosso Lire la suite Tillab\u00e9ri: Le PFAN et l\u2019ABN organisent un atelier sur l\u2019am\u00e9lioration de l\u2019acc\u00e8s du public aux informations sur les risques climatiques li\u00e9s au secteur de l\u2019eau Lire la suite Dosso : Le PFAN organise un atelier de formation des D\u00e9cideurs et Experts du niveau national sur les questions des changements climatiques en lien avec le secteur des ressources en eau Lire la suite Le PFAN organis\u00e9 un atelier de vulgarisation du PNA-SRE \u00e0 Tahoua Lire la suite 31 mars 2024 Le PFAN remet cinq sites de forages AEP dans la r\u00e9gion de Tahoua Lire la suite 17 janvier 2024 Le PFAN forme des D\u00e9cideurs et Experts de la R\u00e9gion d\u2019Agadez Lire la suite 11 janvier 2024 Le PFAN forme les acteurs et actrices des m\u00e9dias et de la soci\u00e9t\u00e9 civile de cinq communes de Zinder sur la pr\u00e9vention des risques climatiques dans le secteur de l\u2019eau Lire la suite 10 janvier 2024 Le PFAN tient la 4\u00e8me session de son Comit\u00e9 de pilotage \u00e0 Tahoua Lire la suite Le PFAN tient la 4\u00e8me session de son Comit\u00e9 de pilotage \u00e0 Tahoua Lire la suite 20 mai 2023 R\u00e9gion de Tahoua\u00a0: les entreprises mettent les bouch\u00e9es double pour r\u00e9aliser les forages Lire la suite OBJECTIFS L\u2019objectif du projet est de renforcer les capacit\u00e9s des institutions nationales et locales et des populations locales en mati\u00e8re de planification et de budg\u00e9tisation de l\u2019adaptation, tout en exploitant les possibilit\u00e9s qu\u2019offre le march\u00e9 de l\u2019eau pour faire progresser l\u2019adaptation et la r\u00e9silience locales au Niger. Le projet accordera la priorit\u00e9 au renforcement de la prise en compte de l\u2019ACC dans le secteur de l\u2019eau en am\u00e9liorant la coordination de la collecte de donn\u00e9es et la gestion des connaissances aux niveaux national et local, et en renfor\u00e7ant les capacit\u00e9s institutionnelles permettant de comprendre la dynamique de l\u2019\u00e9volution du climat dans le secteur de l\u2019eau en vue d\u2019une planification et d\u2019une budg\u00e9tisation de meilleure qualit\u00e9.\u00a0 Lire la suite Domaines cl\u00e9s Diversit\u00e9 biologique La Division Diversit\u00e9 Biologique est charg\u00e9e :De suivre la mise en \u0153uvre de la Convention des nations unies sur la diversit\u00e9 biologique et les protocoles et accords environnementaux qui lui sont associ\u00e9s auxquels le Niger a souscrit ; De veiller \u00e0 la conservation de la diversit\u00e9 biologique au Niger et d&rsquo;assurer une utilisation durable de ses \u00e9l\u00e9ments constitutifs pour cr\u00e9er les conditions d&rsquo;un partage juste et \u00e9quitable des avantages d\u00e9coulant de son exploitation ; D\u2019\u00e9laborer le Programme de gestion de la diversit\u00e9 biologique ainsi que les strat\u00e9gies nationales et plans d&rsquo;actions y relatifs et suivre leurs mises en \u0153uvre ; De promouvoir l&rsquo;int\u00e9gration et un suivi r\u00e9gulier de leur \u00e9volution, des aspects relatifs \u00e0 la diversit\u00e9 biologique dans les strat\u00e9gies, plans, programmes et projets de d\u00e9veloppement \u00e9conomique et social. Lire Changement et variabilit\u00e9 climatique La Division Changements et Variabilit\u00e9 Climatiques est charg\u00e9e :De suivre la mise en \u0152uvre de la Convention cadre des nations unies sur les changements climatiques et des protocoles et accords environnementaux qui lui sont associ\u00e9s auxquels le Niger a souscrit ; De coordonner l&rsquo;\u00e9laboration et la mise en \u0153uvre des strat\u00e9gies, des plans et programmes d&rsquo;actions nationaux relatifs aux changements et variabilit\u00e9 climatiques ; De pr\u00e9parer les communications nationales et les rapports nationaux sur les changements et variabilit\u00e9 climatiques ainsi que les inventaires des \u00e9missions des gaz \u00e0 effet de serre conform\u00e9ment aux recommandations de la convention des nations unies sur les changements climatiques et aux accords internationaux qui lui sont associ\u00e9s auxquels le Niger a souscrit ; De promouvoir l&rsquo;int\u00e9gration des aspects relatifs aux changements climatiques dans les strat\u00e9gies, plans, programmes et projets de d\u00e9veloppement \u00e9conomique et social et de lutte contre la pauvret\u00e9. Lire Adaptation au changement climatique Les strat\u00e9gies d&rsquo;adaptation compl\u00e8tent les mesures d&rsquo;att\u00e9nuation\u00a0qui visent, elles, \u00e0 moins \u00e9mettre de\u00a0gaz \u00e0 effet de serre\u00a0et \u00e0 restaurer ou prot\u00e9ger les capacit\u00e9s de\u00a0puits de carbone\u00a0des\u00a0\u00e9cosyst\u00e8mes\u00a0ou agro\u00e9cosyst\u00e8mes car m\u00eame si l&rsquo;on cessait toute \u00e9mission de gaz \u00e0 effet de serre, l&rsquo;inertie climatique implique des d\u00e9cennies (voire si\u00e8cles) de perturbations anthropiques du climat. L&rsquo;adaptation est \u00e0 la fois individuelle (modifications de comportements) et collective (impliquant tant les collectivit\u00e9s que les entreprises, associations,\u00a0etc.). Lire Lutte contre la d\u00e9sertification La d\u00e9sertification est la d\u00e9gradation des terres dans les zones arides, semi-arides et subhumides s\u00e8ches (il ne s&rsquo;agit pas de l&rsquo;expansion des d\u00e9serts existants). Elle est caus\u00e9e principalement par les activit\u00e9s humaines et les variations climatiques. Cela se produit parce<\/p>\n","protected":false},"author":1,"featured_media":0,"parent":0,"menu_order":0,"comment_status":"closed","ping_status":"closed","template":"","meta":{"footnotes":""},"class_list":["post-2558","page","type-page","status-publish","hentry"],"_links":{"self":[{"href":"https:\/\/pfan-niger.org\/index.php\/wp-json\/wp\/v2\/pages\/2558","targetHints":{"allow":["GET"]}}],"collection":[{"href":"https:\/\/pfan-niger.org\/index.php\/wp-json\/wp\/v2\/pages"}],"about":[{"href":"https:\/\/pfan-niger.org\/index.php\/wp-json\/wp\/v2\/types\/page"}],"author":[{"embeddable":true,"href":"https:\/\/pfan-niger.org\/index.php\/wp-json\/wp\/v2\/users\/1"}],"replies":[{"embeddable":true,"href":"https:\/\/pfan-niger.org\/index.php\/wp-json\/wp\/v2\/comments?post=2558"}],"version-history":[{"count":710,"href":"https:\/\/pfan-niger.org\/index.php\/wp-json\/wp\/v2\/pages\/2558\/revisions"}],"predecessor-version":[{"id":4464,"href":"https:\/\/pfan-niger.org\/index.php\/wp-json\/wp\/v2\/pages\/2558\/revisions\/4464"}],"wp:attachment":[{"href":"https:\/\/pfan-niger.org\/index.php\/wp-json\/wp\/v2\/media?parent=2558"}],"curies":[{"name":"wp","href":"https:\/\/api.w.org\/{rel}","templated":true}]}}